{"id":547,"date":"2023-06-12T17:27:58","date_gmt":"2023-06-12T15:27:58","guid":{"rendered":"http:\/\/abi.allebrodt.net\/index.php\/gallerie\/37-jahre-abi-wandern-und-party-am-03-06-2023\/37-jahre-abi-wandern-und-party-03-06-2023\/"},"modified":"2023-06-12T17:32:46","modified_gmt":"2023-06-12T15:32:46","slug":"37-jahre-abi-wandern-und-party-03-06-2023","status":"publish","type":"page","link":"http:\/\/abi.allebrodt.net\/index.php\/gallerie\/37-jahre-abi-wandern-und-party-03-06-2023\/","title":{"rendered":"37 Jahre Abi Wandern und Party (03.06.2023)"},"content":{"rendered":"<!-- index.php -->\n<div\n\tclass=\"ngg-galleryoverview ngg-ajax-pagination-none\"\n\tid=\"ngg-gallery-c6cc19dce30a84b96c91bbd35e256df1-1\">\n\n    \t<div class=\"slideshowlink\">\n        <a href='http:\/\/abi.allebrodt.net\/index.php\/gallerie\/37-jahre-abi-wandern-und-party-03-06-2023\/nggallery\/slideshow'>[Show as slideshow]<\/a>\n\t\t\n\t<\/div>\n\t\t\t<!-- Thumbnails -->\n\t\t\t\t<div id=\"ngg-image-0\" class=\"ngg-gallery-thumbnail-box\" >\n\t\t\t\t        <div class=\"ngg-gallery-thumbnail\">\n            <a href=\"http:\/\/abi.allebrodt.net\/wp-content\/gallery\/37-jahre-abi-wandern-und-party-03-06-2023\/5A30398D-8FC9-4107-BB50-9D01976D84AE-Elke.jpeg\"\n               title=\"\"\n               data-src=\"http:\/\/abi.allebrodt.net\/wp-content\/gallery\/37-jahre-abi-wandern-und-party-03-06-2023\/5A30398D-8FC9-4107-BB50-9D01976D84AE-Elke.jpeg\"\n               data-thumbnail=\"http:\/\/abi.allebrodt.net\/wp-content\/gallery\/37-jahre-abi-wandern-und-party-03-06-2023\/thumbs\/thumbs_5A30398D-8FC9-4107-BB50-9D01976D84AE-Elke.jpeg\"\n               data-image-id=\"440\"\n               data-title=\"5A30398D-8FC9-4107-BB50-9D01976D84AE-Elke\"\n               data-description=\"\"\n               data-image-slug=\"5a30398d-8fc9-4107-bb50-9d01976d84ae-elke\"\n               class=\"ngg-fancybox\" rel=\"c6cc19dce30a84b96c91bbd35e256df1\">\n                <img\n                    title=\"5A30398D-8FC9-4107-BB50-9D01976D84AE-Elke\"\n                    alt=\"5A30398D-8FC9-4107-BB50-9D01976D84AE-Elke\"\n                    src=\"http:\/\/abi.allebrodt.net\/wp-content\/gallery\/37-jahre-abi-wandern-und-party-03-06-2023\/thumbs\/thumbs_5A30398D-8FC9-4107-BB50-9D01976D84AE-Elke.jpeg\"\n                    width=\"100\"\n                    height=\"75\"\n                    style=\"max-width:100%;\"\n                \/>\n            <\/a>\n        <\/div>\n\t\t\t\t\t\t\t<\/div> \n\t\t\t\n        \n\t\t\t\t<div id=\"ngg-image-1\" class=\"ngg-gallery-thumbnail-box\" >\n\t\t\t\t        <div class=\"ngg-gallery-thumbnail\">\n            <a href=\"http:\/\/abi.allebrodt.net\/wp-content\/gallery\/37-jahre-abi-wandern-und-party-03-06-2023\/B12D6224-ADDE-463A-85BB-D91B5CEF936B-Elke.jpeg\"\n               title=\"\"\n               data-src=\"http:\/\/abi.allebrodt.net\/wp-content\/gallery\/37-jahre-abi-wandern-und-party-03-06-2023\/B12D6224-ADDE-463A-85BB-D91B5CEF936B-Elke.jpeg\"\n               data-thumbnail=\"http:\/\/abi.allebrodt.net\/wp-content\/gallery\/37-jahre-abi-wandern-und-party-03-06-2023\/thumbs\/thumbs_B12D6224-ADDE-463A-85BB-D91B5CEF936B-Elke.jpeg\"\n               data-image-id=\"457\"\n               data-title=\"B12D6224-ADDE-463A-85BB-D91B5CEF936B-Elke\"\n               data-description=\"\"\n               data-image-slug=\"b12d6224-adde-463a-85bb-d91b5cef936b-elke\"\n               class=\"ngg-fancybox\" rel=\"c6cc19dce30a84b96c91bbd35e256df1\">\n                <img\n                    title=\"B12D6224-ADDE-463A-85BB-D91B5CEF936B-Elke\"\n                    alt=\"B12D6224-ADDE-463A-85BB-D91B5CEF936B-Elke\"\n                    src=\"http:\/\/abi.allebrodt.net\/wp-content\/gallery\/37-jahre-abi-wandern-und-party-03-06-2023\/thumbs\/thumbs_B12D6224-ADDE-463A-85BB-D91B5CEF936B-Elke.jpeg\"\n                    width=\"100\"\n                    height=\"75\"\n                    style=\"max-width:100%;\"\n                \/>\n            <\/a>\n        <\/div>\n\t\t\t\t\t\t\t<\/div> \n\t\t\t\n        \n\t\t\t\t<div id=\"ngg-image-2\" class=\"ngg-gallery-thumbnail-box\" >\n\t\t\t\t        <div class=\"ngg-gallery-thumbnail\">\n            <a href=\"http:\/\/abi.allebrodt.net\/wp-content\/gallery\/37-jahre-abi-wandern-und-party-03-06-2023\/0ad5d8fc-fc93-4460-bf90-0d8b1335d700-Fette-Allebrodt.jpeg\"\n               title=\"\"\n               data-src=\"http:\/\/abi.allebrodt.net\/wp-content\/gallery\/37-jahre-abi-wandern-und-party-03-06-2023\/0ad5d8fc-fc93-4460-bf90-0d8b1335d700-Fette-Allebrodt.jpeg\"\n               data-thumbnail=\"http:\/\/abi.allebrodt.net\/wp-content\/gallery\/37-jahre-abi-wandern-und-party-03-06-2023\/thumbs\/thumbs_0ad5d8fc-fc93-4460-bf90-0d8b1335d700-Fette-Allebrodt.jpeg\"\n               data-image-id=\"441\"\n               data-title=\"0ad5d8fc-fc93-4460-bf90-0d8b1335d700-Fette-Allebrodt\"\n               data-description=\"\"\n               data-image-slug=\"0ad5d8fc-fc93-4460-bf90-0d8b1335d700-fette-allebrodt\"\n               class=\"ngg-fancybox\" rel=\"c6cc19dce30a84b96c91bbd35e256df1\">\n                <img\n                    title=\"0ad5d8fc-fc93-4460-bf90-0d8b1335d700-Fette-Allebrodt\"\n                    alt=\"0ad5d8fc-fc93-4460-bf90-0d8b1335d700-Fette-Allebrodt\"\n                    src=\"http:\/\/abi.allebrodt.net\/wp-content\/gallery\/37-jahre-abi-wandern-und-party-03-06-2023\/thumbs\/thumbs_0ad5d8fc-fc93-4460-bf90-0d8b1335d700-Fette-Allebrodt.jpeg\"\n                    width=\"100\"\n                    height=\"75\"\n                    style=\"max-width:100%;\"\n                \/>\n            <\/a>\n        <\/div>\n\t\t\t\t\t\t\t<\/div> \n\t\t\t\n        \n\t\t\t\t<div id=\"ngg-image-3\" class=\"ngg-gallery-thumbnail-box\" >\n\t\t\t\t        <div class=\"ngg-gallery-thumbnail\">\n            <a href=\"http:\/\/abi.allebrodt.net\/wp-content\/gallery\/37-jahre-abi-wandern-und-party-03-06-2023\/20230603_161738-Abitreff-3.6.23.jpg\"\n               title=\"\"\n               data-src=\"http:\/\/abi.allebrodt.net\/wp-content\/gallery\/37-jahre-abi-wandern-und-party-03-06-2023\/20230603_161738-Abitreff-3.6.23.jpg\"\n               data-thumbnail=\"http:\/\/abi.allebrodt.net\/wp-content\/gallery\/37-jahre-abi-wandern-und-party-03-06-2023\/thumbs\/thumbs_20230603_161738-Abitreff-3.6.23.jpg\"\n               data-image-id=\"443\"\n               data-title=\"20230603_161738-Abitreff-3.6.23\"\n               data-description=\"\"\n               data-image-slug=\"20230603_161738-abitreff-3-6-23\"\n               class=\"ngg-fancybox\" rel=\"c6cc19dce30a84b96c91bbd35e256df1\">\n                <img\n                    title=\"20230603_161738-Abitreff-3.6.23\"\n                    alt=\"20230603_161738-Abitreff-3.6.23\"\n                    src=\"http:\/\/abi.allebrodt.net\/wp-content\/gallery\/37-jahre-abi-wandern-und-party-03-06-2023\/thumbs\/thumbs_20230603_161738-Abitreff-3.6.23.jpg\"\n                    width=\"100\"\n                    height=\"75\"\n                    style=\"max-width:100%;\"\n                \/>\n            <\/a>\n        <\/div>\n\t\t\t\t\t\t\t<\/div> \n\t\t\t\n        \n\t\t\t\t<div id=\"ngg-image-4\" class=\"ngg-gallery-thumbnail-box\" >\n\t\t\t\t        <div class=\"ngg-gallery-thumbnail\">\n            <a href=\"http:\/\/abi.allebrodt.net\/wp-content\/gallery\/37-jahre-abi-wandern-und-party-03-06-2023\/20230603_161741-Abitreff-3.6.23.jpg\"\n               title=\"\"\n               data-src=\"http:\/\/abi.allebrodt.net\/wp-content\/gallery\/37-jahre-abi-wandern-und-party-03-06-2023\/20230603_161741-Abitreff-3.6.23.jpg\"\n               data-thumbnail=\"http:\/\/abi.allebrodt.net\/wp-content\/gallery\/37-jahre-abi-wandern-und-party-03-06-2023\/thumbs\/thumbs_20230603_161741-Abitreff-3.6.23.jpg\"\n               data-image-id=\"444\"\n               data-title=\"20230603_161741-Abitreff-3.6.23\"\n               data-description=\"\"\n               data-image-slug=\"20230603_161741-abitreff-3-6-23\"\n               class=\"ngg-fancybox\" rel=\"c6cc19dce30a84b96c91bbd35e256df1\">\n                <img\n                    title=\"20230603_161741-Abitreff-3.6.23\"\n                    alt=\"20230603_161741-Abitreff-3.6.23\"\n                    src=\"http:\/\/abi.allebrodt.net\/wp-content\/gallery\/37-jahre-abi-wandern-und-party-03-06-2023\/thumbs\/thumbs_20230603_161741-Abitreff-3.6.23.jpg\"\n                    width=\"100\"\n                    height=\"75\"\n                    style=\"max-width:100%;\"\n                \/>\n            <\/a>\n        <\/div>\n\t\t\t\t\t\t\t<\/div> \n\t\t\t\n        \n\t\t\t\t<div id=\"ngg-image-5\" class=\"ngg-gallery-thumbnail-box\" >\n\t\t\t\t        <div class=\"ngg-gallery-thumbnail\">\n            <a href=\"http:\/\/abi.allebrodt.net\/wp-content\/gallery\/37-jahre-abi-wandern-und-party-03-06-2023\/20230603_161735-Abitreff-3.6.23.jpg\"\n               title=\"\"\n               data-src=\"http:\/\/abi.allebrodt.net\/wp-content\/gallery\/37-jahre-abi-wandern-und-party-03-06-2023\/20230603_161735-Abitreff-3.6.23.jpg\"\n               data-thumbnail=\"http:\/\/abi.allebrodt.net\/wp-content\/gallery\/37-jahre-abi-wandern-und-party-03-06-2023\/thumbs\/thumbs_20230603_161735-Abitreff-3.6.23.jpg\"\n               data-image-id=\"445\"\n               data-title=\"20230603_161735-Abitreff-3.6.23\"\n               data-description=\"\"\n               data-image-slug=\"20230603_161735-abitreff-3-6-23\"\n               class=\"ngg-fancybox\" rel=\"c6cc19dce30a84b96c91bbd35e256df1\">\n                <img\n                    title=\"20230603_161735-Abitreff-3.6.23\"\n                    alt=\"20230603_161735-Abitreff-3.6.23\"\n                    src=\"http:\/\/abi.allebrodt.net\/wp-content\/gallery\/37-jahre-abi-wandern-und-party-03-06-2023\/thumbs\/thumbs_20230603_161735-Abitreff-3.6.23.jpg\"\n                    width=\"100\"\n                    height=\"75\"\n                    style=\"max-width:100%;\"\n                \/>\n            <\/a>\n        <\/div>\n\t\t\t\t\t\t\t<\/div> \n\t\t\t\n        \n\t\t\t\t<div id=\"ngg-image-6\" class=\"ngg-gallery-thumbnail-box\" >\n\t\t\t\t        <div class=\"ngg-gallery-thumbnail\">\n            <a href=\"http:\/\/abi.allebrodt.net\/wp-content\/gallery\/37-jahre-abi-wandern-und-party-03-06-2023\/242ed9ba-0fd2-476f-accd-3129f78e099a-Fette-Allebrodt.jpeg\"\n               title=\"\"\n               data-src=\"http:\/\/abi.allebrodt.net\/wp-content\/gallery\/37-jahre-abi-wandern-und-party-03-06-2023\/242ed9ba-0fd2-476f-accd-3129f78e099a-Fette-Allebrodt.jpeg\"\n               data-thumbnail=\"http:\/\/abi.allebrodt.net\/wp-content\/gallery\/37-jahre-abi-wandern-und-party-03-06-2023\/thumbs\/thumbs_242ed9ba-0fd2-476f-accd-3129f78e099a-Fette-Allebrodt.jpeg\"\n               data-image-id=\"442\"\n               data-title=\"242ed9ba-0fd2-476f-accd-3129f78e099a-Fette-Allebrodt\"\n               data-description=\"\"\n               data-image-slug=\"242ed9ba-0fd2-476f-accd-3129f78e099a-fette-allebrodt\"\n               class=\"ngg-fancybox\" rel=\"c6cc19dce30a84b96c91bbd35e256df1\">\n                <img\n                    title=\"242ed9ba-0fd2-476f-accd-3129f78e099a-Fette-Allebrodt\"\n                    alt=\"242ed9ba-0fd2-476f-accd-3129f78e099a-Fette-Allebrodt\"\n                    src=\"http:\/\/abi.allebrodt.net\/wp-content\/gallery\/37-jahre-abi-wandern-und-party-03-06-2023\/thumbs\/thumbs_242ed9ba-0fd2-476f-accd-3129f78e099a-Fette-Allebrodt.jpeg\"\n                    width=\"100\"\n                    height=\"75\"\n                    style=\"max-width:100%;\"\n                \/>\n            <\/a>\n        <\/div>\n\t\t\t\t\t\t\t<\/div> \n\t\t\t\n        \n\t\t\t\t<div id=\"ngg-image-7\" class=\"ngg-gallery-thumbnail-box\" >\n\t\t\t\t        <div class=\"ngg-gallery-thumbnail\">\n            <a href=\"http:\/\/abi.allebrodt.net\/wp-content\/gallery\/37-jahre-abi-wandern-und-party-03-06-2023\/20230603_164505.jpg\"\n               title=\"\"\n               data-src=\"http:\/\/abi.allebrodt.net\/wp-content\/gallery\/37-jahre-abi-wandern-und-party-03-06-2023\/20230603_164505.jpg\"\n               data-thumbnail=\"http:\/\/abi.allebrodt.net\/wp-content\/gallery\/37-jahre-abi-wandern-und-party-03-06-2023\/thumbs\/thumbs_20230603_164505.jpg\"\n               data-image-id=\"446\"\n               data-title=\"20230603_164505\"\n               data-description=\"\"\n               data-image-slug=\"20230603_164505\"\n               class=\"ngg-fancybox\" rel=\"c6cc19dce30a84b96c91bbd35e256df1\">\n                <img\n                    title=\"20230603_164505\"\n                    alt=\"20230603_164505\"\n                    src=\"http:\/\/abi.allebrodt.net\/wp-content\/gallery\/37-jahre-abi-wandern-und-party-03-06-2023\/thumbs\/thumbs_20230603_164505.jpg\"\n                    width=\"100\"\n                    height=\"75\"\n                    style=\"max-width:100%;\"\n                \/>\n            <\/a>\n        <\/div>\n\t\t\t\t\t\t\t<\/div> \n\t\t\t\n        \n\t\t\t\t<div id=\"ngg-image-8\" class=\"ngg-gallery-thumbnail-box\" >\n\t\t\t\t        <div class=\"ngg-gallery-thumbnail\">\n            <a href=\"http:\/\/abi.allebrodt.net\/wp-content\/gallery\/37-jahre-abi-wandern-und-party-03-06-2023\/20230603_164538.jpg\"\n               title=\"\"\n               data-src=\"http:\/\/abi.allebrodt.net\/wp-content\/gallery\/37-jahre-abi-wandern-und-party-03-06-2023\/20230603_164538.jpg\"\n               data-thumbnail=\"http:\/\/abi.allebrodt.net\/wp-content\/gallery\/37-jahre-abi-wandern-und-party-03-06-2023\/thumbs\/thumbs_20230603_164538.jpg\"\n               data-image-id=\"447\"\n               data-title=\"20230603_164538\"\n               data-description=\"\"\n               data-image-slug=\"20230603_164538\"\n               class=\"ngg-fancybox\" rel=\"c6cc19dce30a84b96c91bbd35e256df1\">\n                <img\n                    title=\"20230603_164538\"\n                    alt=\"20230603_164538\"\n                    src=\"http:\/\/abi.allebrodt.net\/wp-content\/gallery\/37-jahre-abi-wandern-und-party-03-06-2023\/thumbs\/thumbs_20230603_164538.jpg\"\n                    width=\"100\"\n                    height=\"75\"\n                    style=\"max-width:100%;\"\n                \/>\n            <\/a>\n        <\/div>\n\t\t\t\t\t\t\t<\/div> \n\t\t\t\n        \n\t\t\t\t<div id=\"ngg-image-9\" class=\"ngg-gallery-thumbnail-box\" >\n\t\t\t\t        <div class=\"ngg-gallery-thumbnail\">\n            <a href=\"http:\/\/abi.allebrodt.net\/wp-content\/gallery\/37-jahre-abi-wandern-und-party-03-06-2023\/20230603_164532.jpg\"\n               title=\"\"\n               data-src=\"http:\/\/abi.allebrodt.net\/wp-content\/gallery\/37-jahre-abi-wandern-und-party-03-06-2023\/20230603_164532.jpg\"\n               data-thumbnail=\"http:\/\/abi.allebrodt.net\/wp-content\/gallery\/37-jahre-abi-wandern-und-party-03-06-2023\/thumbs\/thumbs_20230603_164532.jpg\"\n               data-image-id=\"448\"\n               data-title=\"20230603_164532\"\n               data-description=\"\"\n               data-image-slug=\"20230603_164532\"\n               class=\"ngg-fancybox\" rel=\"c6cc19dce30a84b96c91bbd35e256df1\">\n                <img\n                    title=\"20230603_164532\"\n                    alt=\"20230603_164532\"\n                    src=\"http:\/\/abi.allebrodt.net\/wp-content\/gallery\/37-jahre-abi-wandern-und-party-03-06-2023\/thumbs\/thumbs_20230603_164532.jpg\"\n                    width=\"100\"\n                    height=\"75\"\n                    style=\"max-width:100%;\"\n                \/>\n            <\/a>\n        <\/div>\n\t\t\t\t\t\t\t<\/div> \n\t\t\t\n        \n\t\t\t\t<div id=\"ngg-image-10\" class=\"ngg-gallery-thumbnail-box\" >\n\t\t\t\t        <div class=\"ngg-gallery-thumbnail\">\n            <a href=\"http:\/\/abi.allebrodt.net\/wp-content\/gallery\/37-jahre-abi-wandern-und-party-03-06-2023\/20230603_164544.jpg\"\n               title=\"\"\n               data-src=\"http:\/\/abi.allebrodt.net\/wp-content\/gallery\/37-jahre-abi-wandern-und-party-03-06-2023\/20230603_164544.jpg\"\n               data-thumbnail=\"http:\/\/abi.allebrodt.net\/wp-content\/gallery\/37-jahre-abi-wandern-und-party-03-06-2023\/thumbs\/thumbs_20230603_164544.jpg\"\n               data-image-id=\"449\"\n               data-title=\"20230603_164544\"\n               data-description=\"\"\n               data-image-slug=\"20230603_164544\"\n               class=\"ngg-fancybox\" rel=\"c6cc19dce30a84b96c91bbd35e256df1\">\n                <img\n                    title=\"20230603_164544\"\n                    alt=\"20230603_164544\"\n                    src=\"http:\/\/abi.allebrodt.net\/wp-content\/gallery\/37-jahre-abi-wandern-und-party-03-06-2023\/thumbs\/thumbs_20230603_164544.jpg\"\n                    width=\"100\"\n                    height=\"75\"\n                    style=\"max-width:100%;\"\n                \/>\n            <\/a>\n        <\/div>\n\t\t\t\t\t\t\t<\/div> \n\t\t\t\n        \n\t\t\t\t<div id=\"ngg-image-11\" class=\"ngg-gallery-thumbnail-box\" >\n\t\t\t\t        <div class=\"ngg-gallery-thumbnail\">\n            <a href=\"http:\/\/abi.allebrodt.net\/wp-content\/gallery\/37-jahre-abi-wandern-und-party-03-06-2023\/20230603_164555.jpg\"\n               title=\"\"\n               data-src=\"http:\/\/abi.allebrodt.net\/wp-content\/gallery\/37-jahre-abi-wandern-und-party-03-06-2023\/20230603_164555.jpg\"\n               data-thumbnail=\"http:\/\/abi.allebrodt.net\/wp-content\/gallery\/37-jahre-abi-wandern-und-party-03-06-2023\/thumbs\/thumbs_20230603_164555.jpg\"\n               data-image-id=\"450\"\n               data-title=\"20230603_164555\"\n               data-description=\"\"\n               data-image-slug=\"20230603_164555\"\n               class=\"ngg-fancybox\" rel=\"c6cc19dce30a84b96c91bbd35e256df1\">\n                <img\n                    title=\"20230603_164555\"\n                    alt=\"20230603_164555\"\n                    src=\"http:\/\/abi.allebrodt.net\/wp-content\/gallery\/37-jahre-abi-wandern-und-party-03-06-2023\/thumbs\/thumbs_20230603_164555.jpg\"\n                    width=\"100\"\n                    height=\"75\"\n                    style=\"max-width:100%;\"\n                \/>\n            <\/a>\n        <\/div>\n\t\t\t\t\t\t\t<\/div> \n\t\t\t\n        \n\t\t\t\t<div id=\"ngg-image-12\" class=\"ngg-gallery-thumbnail-box\" >\n\t\t\t\t        <div class=\"ngg-gallery-thumbnail\">\n            <a href=\"http:\/\/abi.allebrodt.net\/wp-content\/gallery\/37-jahre-abi-wandern-und-party-03-06-2023\/20230603_164613.jpg\"\n               title=\"\"\n               data-src=\"http:\/\/abi.allebrodt.net\/wp-content\/gallery\/37-jahre-abi-wandern-und-party-03-06-2023\/20230603_164613.jpg\"\n               data-thumbnail=\"http:\/\/abi.allebrodt.net\/wp-content\/gallery\/37-jahre-abi-wandern-und-party-03-06-2023\/thumbs\/thumbs_20230603_164613.jpg\"\n               data-image-id=\"451\"\n               data-title=\"20230603_164613\"\n               data-description=\"\"\n               data-image-slug=\"20230603_164613\"\n               class=\"ngg-fancybox\" rel=\"c6cc19dce30a84b96c91bbd35e256df1\">\n                <img\n                    title=\"20230603_164613\"\n                    alt=\"20230603_164613\"\n                    src=\"http:\/\/abi.allebrodt.net\/wp-content\/gallery\/37-jahre-abi-wandern-und-party-03-06-2023\/thumbs\/thumbs_20230603_164613.jpg\"\n                    width=\"100\"\n                    height=\"75\"\n                    style=\"max-width:100%;\"\n                \/>\n            <\/a>\n        <\/div>\n\t\t\t\t\t\t\t<\/div> \n\t\t\t\n        \n\t\t\t\t<div id=\"ngg-image-13\" class=\"ngg-gallery-thumbnail-box\" >\n\t\t\t\t        <div class=\"ngg-gallery-thumbnail\">\n            <a href=\"http:\/\/abi.allebrodt.net\/wp-content\/gallery\/37-jahre-abi-wandern-und-party-03-06-2023\/20230603_164617.jpg\"\n               title=\"\"\n               data-src=\"http:\/\/abi.allebrodt.net\/wp-content\/gallery\/37-jahre-abi-wandern-und-party-03-06-2023\/20230603_164617.jpg\"\n               data-thumbnail=\"http:\/\/abi.allebrodt.net\/wp-content\/gallery\/37-jahre-abi-wandern-und-party-03-06-2023\/thumbs\/thumbs_20230603_164617.jpg\"\n               data-image-id=\"452\"\n               data-title=\"20230603_164617\"\n               data-description=\"\"\n               data-image-slug=\"20230603_164617\"\n               class=\"ngg-fancybox\" rel=\"c6cc19dce30a84b96c91bbd35e256df1\">\n                <img\n                    title=\"20230603_164617\"\n                    alt=\"20230603_164617\"\n                    src=\"http:\/\/abi.allebrodt.net\/wp-content\/gallery\/37-jahre-abi-wandern-und-party-03-06-2023\/thumbs\/thumbs_20230603_164617.jpg\"\n                    width=\"100\"\n                    height=\"75\"\n                    style=\"max-width:100%;\"\n                \/>\n            <\/a>\n        <\/div>\n\t\t\t\t\t\t\t<\/div> \n\t\t\t\n        \n\t\t\t\t<div id=\"ngg-image-14\" class=\"ngg-gallery-thumbnail-box\" >\n\t\t\t\t        <div class=\"ngg-gallery-thumbnail\">\n            <a href=\"http:\/\/abi.allebrodt.net\/wp-content\/gallery\/37-jahre-abi-wandern-und-party-03-06-2023\/20230603_164639.jpg\"\n               title=\"\"\n               data-src=\"http:\/\/abi.allebrodt.net\/wp-content\/gallery\/37-jahre-abi-wandern-und-party-03-06-2023\/20230603_164639.jpg\"\n               data-thumbnail=\"http:\/\/abi.allebrodt.net\/wp-content\/gallery\/37-jahre-abi-wandern-und-party-03-06-2023\/thumbs\/thumbs_20230603_164639.jpg\"\n               data-image-id=\"453\"\n               data-title=\"20230603_164639\"\n               data-description=\"\"\n               data-image-slug=\"20230603_164639\"\n               class=\"ngg-fancybox\" rel=\"c6cc19dce30a84b96c91bbd35e256df1\">\n                <img\n                    title=\"20230603_164639\"\n                    alt=\"20230603_164639\"\n                    src=\"http:\/\/abi.allebrodt.net\/wp-content\/gallery\/37-jahre-abi-wandern-und-party-03-06-2023\/thumbs\/thumbs_20230603_164639.jpg\"\n                    width=\"100\"\n                    height=\"75\"\n                    style=\"max-width:100%;\"\n                \/>\n            <\/a>\n        <\/div>\n\t\t\t\t\t\t\t<\/div> \n\t\t\t\n        \n\t\t\t\t<div id=\"ngg-image-15\" class=\"ngg-gallery-thumbnail-box\" >\n\t\t\t\t        <div class=\"ngg-gallery-thumbnail\">\n            <a href=\"http:\/\/abi.allebrodt.net\/wp-content\/gallery\/37-jahre-abi-wandern-und-party-03-06-2023\/20230603_164642.jpg\"\n               title=\"\"\n               data-src=\"http:\/\/abi.allebrodt.net\/wp-content\/gallery\/37-jahre-abi-wandern-und-party-03-06-2023\/20230603_164642.jpg\"\n               data-thumbnail=\"http:\/\/abi.allebrodt.net\/wp-content\/gallery\/37-jahre-abi-wandern-und-party-03-06-2023\/thumbs\/thumbs_20230603_164642.jpg\"\n               data-image-id=\"454\"\n               data-title=\"20230603_164642\"\n               data-description=\"\"\n               data-image-slug=\"20230603_164642\"\n               class=\"ngg-fancybox\" rel=\"c6cc19dce30a84b96c91bbd35e256df1\">\n                <img\n                    title=\"20230603_164642\"\n                    alt=\"20230603_164642\"\n                    src=\"http:\/\/abi.allebrodt.net\/wp-content\/gallery\/37-jahre-abi-wandern-und-party-03-06-2023\/thumbs\/thumbs_20230603_164642.jpg\"\n                    width=\"100\"\n                    height=\"75\"\n                    style=\"max-width:100%;\"\n                \/>\n            <\/a>\n        <\/div>\n\t\t\t\t\t\t\t<\/div> \n\t\t\t\n        \n\t\t\t\t<div id=\"ngg-image-16\" class=\"ngg-gallery-thumbnail-box\" >\n\t\t\t\t        <div class=\"ngg-gallery-thumbnail\">\n            <a href=\"http:\/\/abi.allebrodt.net\/wp-content\/gallery\/37-jahre-abi-wandern-und-party-03-06-2023\/20230603_164653.jpg\"\n               title=\"\"\n               data-src=\"http:\/\/abi.allebrodt.net\/wp-content\/gallery\/37-jahre-abi-wandern-und-party-03-06-2023\/20230603_164653.jpg\"\n               data-thumbnail=\"http:\/\/abi.allebrodt.net\/wp-content\/gallery\/37-jahre-abi-wandern-und-party-03-06-2023\/thumbs\/thumbs_20230603_164653.jpg\"\n               data-image-id=\"455\"\n               data-title=\"20230603_164653\"\n               data-description=\"\"\n               data-image-slug=\"20230603_164653\"\n               class=\"ngg-fancybox\" rel=\"c6cc19dce30a84b96c91bbd35e256df1\">\n                <img\n                    title=\"20230603_164653\"\n                    alt=\"20230603_164653\"\n                    src=\"http:\/\/abi.allebrodt.net\/wp-content\/gallery\/37-jahre-abi-wandern-und-party-03-06-2023\/thumbs\/thumbs_20230603_164653.jpg\"\n                    width=\"100\"\n                    height=\"75\"\n                    style=\"max-width:100%;\"\n                \/>\n            <\/a>\n        <\/div>\n\t\t\t\t\t\t\t<\/div> \n\t\t\t\n        \n\t\t\t\t<div id=\"ngg-image-17\" class=\"ngg-gallery-thumbnail-box\" >\n\t\t\t\t        <div class=\"ngg-gallery-thumbnail\">\n            <a href=\"http:\/\/abi.allebrodt.net\/wp-content\/gallery\/37-jahre-abi-wandern-und-party-03-06-2023\/20230603_164702.jpg\"\n               title=\"\"\n               data-src=\"http:\/\/abi.allebrodt.net\/wp-content\/gallery\/37-jahre-abi-wandern-und-party-03-06-2023\/20230603_164702.jpg\"\n               data-thumbnail=\"http:\/\/abi.allebrodt.net\/wp-content\/gallery\/37-jahre-abi-wandern-und-party-03-06-2023\/thumbs\/thumbs_20230603_164702.jpg\"\n               data-image-id=\"456\"\n               data-title=\"20230603_164702\"\n               data-description=\"\"\n               data-image-slug=\"20230603_164702\"\n               class=\"ngg-fancybox\" rel=\"c6cc19dce30a84b96c91bbd35e256df1\">\n                <img\n                    title=\"20230603_164702\"\n                    alt=\"20230603_164702\"\n                    src=\"http:\/\/abi.allebrodt.net\/wp-content\/gallery\/37-jahre-abi-wandern-und-party-03-06-2023\/thumbs\/thumbs_20230603_164702.jpg\"\n                    width=\"100\"\n                    height=\"75\"\n                    style=\"max-width:100%;\"\n                \/>\n            <\/a>\n        <\/div>\n\t\t\t\t\t\t\t<\/div> \n\t\t\t\n        \n\t\t\t\t<div id=\"ngg-image-18\" class=\"ngg-gallery-thumbnail-box\" >\n\t\t\t\t        <div class=\"ngg-gallery-thumbnail\">\n            <a href=\"http:\/\/abi.allebrodt.net\/wp-content\/gallery\/37-jahre-abi-wandern-und-party-03-06-2023\/20230603_164826.jpg\"\n               title=\"\"\n               data-src=\"http:\/\/abi.allebrodt.net\/wp-content\/gallery\/37-jahre-abi-wandern-und-party-03-06-2023\/20230603_164826.jpg\"\n               data-thumbnail=\"http:\/\/abi.allebrodt.net\/wp-content\/gallery\/37-jahre-abi-wandern-und-party-03-06-2023\/thumbs\/thumbs_20230603_164826.jpg\"\n               data-image-id=\"459\"\n               data-title=\"20230603_164826\"\n               data-description=\"\"\n               data-image-slug=\"20230603_164826\"\n               class=\"ngg-fancybox\" rel=\"c6cc19dce30a84b96c91bbd35e256df1\">\n                <img\n                    title=\"20230603_164826\"\n                    alt=\"20230603_164826\"\n                    src=\"http:\/\/abi.allebrodt.net\/wp-content\/gallery\/37-jahre-abi-wandern-und-party-03-06-2023\/thumbs\/thumbs_20230603_164826.jpg\"\n                    width=\"100\"\n                    height=\"75\"\n                    style=\"max-width:100%;\"\n                \/>\n            <\/a>\n        <\/div>\n\t\t\t\t\t\t\t<\/div> \n\t\t\t\n        \n\t\t\t\t<div id=\"ngg-image-19\" class=\"ngg-gallery-thumbnail-box\" >\n\t\t\t\t        <div class=\"ngg-gallery-thumbnail\">\n            <a href=\"http:\/\/abi.allebrodt.net\/wp-content\/gallery\/37-jahre-abi-wandern-und-party-03-06-2023\/IMG_0778-Anja-R.jpeg\"\n               title=\"\"\n               data-src=\"http:\/\/abi.allebrodt.net\/wp-content\/gallery\/37-jahre-abi-wandern-und-party-03-06-2023\/IMG_0778-Anja-R.jpeg\"\n               data-thumbnail=\"http:\/\/abi.allebrodt.net\/wp-content\/gallery\/37-jahre-abi-wandern-und-party-03-06-2023\/thumbs\/thumbs_IMG_0778-Anja-R.jpeg\"\n               data-image-id=\"480\"\n               data-title=\"IMG_0778-Anja-R\"\n               data-description=\"\"\n               data-image-slug=\"img_0778-anja-r\"\n               class=\"ngg-fancybox\" rel=\"c6cc19dce30a84b96c91bbd35e256df1\">\n                <img\n                    title=\"IMG_0778-Anja-R\"\n                    alt=\"IMG_0778-Anja-R\"\n                    src=\"http:\/\/abi.allebrodt.net\/wp-content\/gallery\/37-jahre-abi-wandern-und-party-03-06-2023\/thumbs\/thumbs_IMG_0778-Anja-R.jpeg\"\n                    width=\"100\"\n                    height=\"75\"\n                    style=\"max-width:100%;\"\n                \/>\n            <\/a>\n        <\/div>\n\t\t\t\t\t\t\t<\/div> \n\t\t\t\n        \n\t\t\t\t<div id=\"ngg-image-20\" class=\"ngg-gallery-thumbnail-box\" >\n\t\t\t\t        <div class=\"ngg-gallery-thumbnail\">\n            <a href=\"http:\/\/abi.allebrodt.net\/wp-content\/gallery\/37-jahre-abi-wandern-und-party-03-06-2023\/20230603_211151-Abitreff-3.6.23.jpg\"\n               title=\"\"\n               data-src=\"http:\/\/abi.allebrodt.net\/wp-content\/gallery\/37-jahre-abi-wandern-und-party-03-06-2023\/20230603_211151-Abitreff-3.6.23.jpg\"\n               data-thumbnail=\"http:\/\/abi.allebrodt.net\/wp-content\/gallery\/37-jahre-abi-wandern-und-party-03-06-2023\/thumbs\/thumbs_20230603_211151-Abitreff-3.6.23.jpg\"\n               data-image-id=\"460\"\n               data-title=\"20230603_211151-Abitreff-3.6.23\"\n               data-description=\"\"\n               data-image-slug=\"20230603_211151-abitreff-3-6-23\"\n               class=\"ngg-fancybox\" rel=\"c6cc19dce30a84b96c91bbd35e256df1\">\n                <img\n                    title=\"20230603_211151-Abitreff-3.6.23\"\n                    alt=\"20230603_211151-Abitreff-3.6.23\"\n                    src=\"http:\/\/abi.allebrodt.net\/wp-content\/gallery\/37-jahre-abi-wandern-und-party-03-06-2023\/thumbs\/thumbs_20230603_211151-Abitreff-3.6.23.jpg\"\n                    width=\"100\"\n                    height=\"75\"\n                    style=\"max-width:100%;\"\n                \/>\n            <\/a>\n        <\/div>\n\t\t\t\t\t\t\t<\/div> \n\t\t\t\n        \n\t\t\t\t<div id=\"ngg-image-21\" class=\"ngg-gallery-thumbnail-box\" >\n\t\t\t\t        <div class=\"ngg-gallery-thumbnail\">\n            <a href=\"http:\/\/abi.allebrodt.net\/wp-content\/gallery\/37-jahre-abi-wandern-und-party-03-06-2023\/b893e55f-3020-43ba-bd43-af882eabc894-Fette-Allebrodt.jpeg\"\n               title=\"\"\n               data-src=\"http:\/\/abi.allebrodt.net\/wp-content\/gallery\/37-jahre-abi-wandern-und-party-03-06-2023\/b893e55f-3020-43ba-bd43-af882eabc894-Fette-Allebrodt.jpeg\"\n               data-thumbnail=\"http:\/\/abi.allebrodt.net\/wp-content\/gallery\/37-jahre-abi-wandern-und-party-03-06-2023\/thumbs\/thumbs_b893e55f-3020-43ba-bd43-af882eabc894-Fette-Allebrodt.jpeg\"\n               data-image-id=\"461\"\n               data-title=\"b893e55f-3020-43ba-bd43-af882eabc894-Fette-Allebrodt\"\n               data-description=\"\"\n               data-image-slug=\"b893e55f-3020-43ba-bd43-af882eabc894-fette-allebrodt\"\n               class=\"ngg-fancybox\" rel=\"c6cc19dce30a84b96c91bbd35e256df1\">\n                <img\n                    title=\"b893e55f-3020-43ba-bd43-af882eabc894-Fette-Allebrodt\"\n                    alt=\"b893e55f-3020-43ba-bd43-af882eabc894-Fette-Allebrodt\"\n                    src=\"http:\/\/abi.allebrodt.net\/wp-content\/gallery\/37-jahre-abi-wandern-und-party-03-06-2023\/thumbs\/thumbs_b893e55f-3020-43ba-bd43-af882eabc894-Fette-Allebrodt.jpeg\"\n                    width=\"100\"\n                    height=\"75\"\n                    style=\"max-width:100%;\"\n                \/>\n            <\/a>\n        <\/div>\n\t\t\t\t\t\t\t<\/div> \n\t\t\t\n        \n\t\t\t\t<div id=\"ngg-image-22\" class=\"ngg-gallery-thumbnail-box\" >\n\t\t\t\t        <div class=\"ngg-gallery-thumbnail\">\n            <a href=\"http:\/\/abi.allebrodt.net\/wp-content\/gallery\/37-jahre-abi-wandern-und-party-03-06-2023\/IMG_0774-Anja-R.jpeg\"\n               title=\"\"\n               data-src=\"http:\/\/abi.allebrodt.net\/wp-content\/gallery\/37-jahre-abi-wandern-und-party-03-06-2023\/IMG_0774-Anja-R.jpeg\"\n               data-thumbnail=\"http:\/\/abi.allebrodt.net\/wp-content\/gallery\/37-jahre-abi-wandern-und-party-03-06-2023\/thumbs\/thumbs_IMG_0774-Anja-R.jpeg\"\n               data-image-id=\"476\"\n               data-title=\"IMG_0774-Anja-R\"\n               data-description=\"\"\n               data-image-slug=\"img_0774-anja-r\"\n               class=\"ngg-fancybox\" rel=\"c6cc19dce30a84b96c91bbd35e256df1\">\n                <img\n                    title=\"IMG_0774-Anja-R\"\n                    alt=\"IMG_0774-Anja-R\"\n                    src=\"http:\/\/abi.allebrodt.net\/wp-content\/gallery\/37-jahre-abi-wandern-und-party-03-06-2023\/thumbs\/thumbs_IMG_0774-Anja-R.jpeg\"\n                    width=\"100\"\n                    height=\"75\"\n                    style=\"max-width:100%;\"\n                \/>\n            <\/a>\n        <\/div>\n\t\t\t\t\t\t\t<\/div> \n\t\t\t\n        \n\t\t\t\t<div id=\"ngg-image-23\" class=\"ngg-gallery-thumbnail-box\" >\n\t\t\t\t        <div class=\"ngg-gallery-thumbnail\">\n            <a href=\"http:\/\/abi.allebrodt.net\/wp-content\/gallery\/37-jahre-abi-wandern-und-party-03-06-2023\/IMG_0775-Anja-R.jpeg\"\n               title=\"\"\n               data-src=\"http:\/\/abi.allebrodt.net\/wp-content\/gallery\/37-jahre-abi-wandern-und-party-03-06-2023\/IMG_0775-Anja-R.jpeg\"\n               data-thumbnail=\"http:\/\/abi.allebrodt.net\/wp-content\/gallery\/37-jahre-abi-wandern-und-party-03-06-2023\/thumbs\/thumbs_IMG_0775-Anja-R.jpeg\"\n               data-image-id=\"477\"\n               data-title=\"IMG_0775-Anja-R\"\n               data-description=\"\"\n               data-image-slug=\"img_0775-anja-r\"\n               class=\"ngg-fancybox\" rel=\"c6cc19dce30a84b96c91bbd35e256df1\">\n                <img\n                    title=\"IMG_0775-Anja-R\"\n                    alt=\"IMG_0775-Anja-R\"\n                    src=\"http:\/\/abi.allebrodt.net\/wp-content\/gallery\/37-jahre-abi-wandern-und-party-03-06-2023\/thumbs\/thumbs_IMG_0775-Anja-R.jpeg\"\n                    width=\"100\"\n                    height=\"75\"\n                    style=\"max-width:100%;\"\n                \/>\n            <\/a>\n        <\/div>\n\t\t\t\t\t\t\t<\/div> \n\t\t\t\n        \n\t\t\t\t<div id=\"ngg-image-24\" class=\"ngg-gallery-thumbnail-box\" >\n\t\t\t\t        <div class=\"ngg-gallery-thumbnail\">\n            <a href=\"http:\/\/abi.allebrodt.net\/wp-content\/gallery\/37-jahre-abi-wandern-und-party-03-06-2023\/IMG_0776-Anja-R.jpeg\"\n               title=\"\"\n               data-src=\"http:\/\/abi.allebrodt.net\/wp-content\/gallery\/37-jahre-abi-wandern-und-party-03-06-2023\/IMG_0776-Anja-R.jpeg\"\n               data-thumbnail=\"http:\/\/abi.allebrodt.net\/wp-content\/gallery\/37-jahre-abi-wandern-und-party-03-06-2023\/thumbs\/thumbs_IMG_0776-Anja-R.jpeg\"\n               data-image-id=\"478\"\n               data-title=\"IMG_0776-Anja-R\"\n               data-description=\"\"\n               data-image-slug=\"img_0776-anja-r\"\n               class=\"ngg-fancybox\" rel=\"c6cc19dce30a84b96c91bbd35e256df1\">\n                <img\n                    title=\"IMG_0776-Anja-R\"\n                    alt=\"IMG_0776-Anja-R\"\n                    src=\"http:\/\/abi.allebrodt.net\/wp-content\/gallery\/37-jahre-abi-wandern-und-party-03-06-2023\/thumbs\/thumbs_IMG_0776-Anja-R.jpeg\"\n                    width=\"100\"\n                    height=\"75\"\n                    style=\"max-width:100%;\"\n                \/>\n            <\/a>\n        <\/div>\n\t\t\t\t\t\t\t<\/div> \n\t\t\t\n        \n\t\t\t\t<div id=\"ngg-image-25\" class=\"ngg-gallery-thumbnail-box\" >\n\t\t\t\t        <div class=\"ngg-gallery-thumbnail\">\n            <a href=\"http:\/\/abi.allebrodt.net\/wp-content\/gallery\/37-jahre-abi-wandern-und-party-03-06-2023\/IMG_0777-Anja-R.jpeg\"\n               title=\"\"\n               data-src=\"http:\/\/abi.allebrodt.net\/wp-content\/gallery\/37-jahre-abi-wandern-und-party-03-06-2023\/IMG_0777-Anja-R.jpeg\"\n               data-thumbnail=\"http:\/\/abi.allebrodt.net\/wp-content\/gallery\/37-jahre-abi-wandern-und-party-03-06-2023\/thumbs\/thumbs_IMG_0777-Anja-R.jpeg\"\n               data-image-id=\"479\"\n               data-title=\"IMG_0777-Anja-R\"\n               data-description=\"\"\n               data-image-slug=\"img_0777-anja-r\"\n               class=\"ngg-fancybox\" rel=\"c6cc19dce30a84b96c91bbd35e256df1\">\n                <img\n                    title=\"IMG_0777-Anja-R\"\n                    alt=\"IMG_0777-Anja-R\"\n                    src=\"http:\/\/abi.allebrodt.net\/wp-content\/gallery\/37-jahre-abi-wandern-und-party-03-06-2023\/thumbs\/thumbs_IMG_0777-Anja-R.jpeg\"\n                    width=\"100\"\n                    height=\"75\"\n                    style=\"max-width:100%;\"\n                \/>\n            <\/a>\n        <\/div>\n\t\t\t\t\t\t\t<\/div> \n\t\t\t\n        \n\t\t\t\t<div id=\"ngg-image-26\" class=\"ngg-gallery-thumbnail-box\" >\n\t\t\t\t        <div class=\"ngg-gallery-thumbnail\">\n            <a href=\"http:\/\/abi.allebrodt.net\/wp-content\/gallery\/37-jahre-abi-wandern-und-party-03-06-2023\/IMG_0781-Anja-R.jpeg\"\n               title=\"\"\n               data-src=\"http:\/\/abi.allebrodt.net\/wp-content\/gallery\/37-jahre-abi-wandern-und-party-03-06-2023\/IMG_0781-Anja-R.jpeg\"\n               data-thumbnail=\"http:\/\/abi.allebrodt.net\/wp-content\/gallery\/37-jahre-abi-wandern-und-party-03-06-2023\/thumbs\/thumbs_IMG_0781-Anja-R.jpeg\"\n               data-image-id=\"481\"\n               data-title=\"IMG_0781-Anja-R\"\n               data-description=\"\"\n               data-image-slug=\"img_0781-anja-r\"\n               class=\"ngg-fancybox\" rel=\"c6cc19dce30a84b96c91bbd35e256df1\">\n                <img\n                    title=\"IMG_0781-Anja-R\"\n                    alt=\"IMG_0781-Anja-R\"\n                    src=\"http:\/\/abi.allebrodt.net\/wp-content\/gallery\/37-jahre-abi-wandern-und-party-03-06-2023\/thumbs\/thumbs_IMG_0781-Anja-R.jpeg\"\n                    width=\"100\"\n                    height=\"75\"\n                    style=\"max-width:100%;\"\n                \/>\n            <\/a>\n        <\/div>\n\t\t\t\t\t\t\t<\/div> \n\t\t\t\n        \n\t\t\t\t<div id=\"ngg-image-27\" class=\"ngg-gallery-thumbnail-box\" >\n\t\t\t\t        <div class=\"ngg-gallery-thumbnail\">\n            <a href=\"http:\/\/abi.allebrodt.net\/wp-content\/gallery\/37-jahre-abi-wandern-und-party-03-06-2023\/IMG_0779-Anja-R.jpeg\"\n               title=\"\"\n               data-src=\"http:\/\/abi.allebrodt.net\/wp-content\/gallery\/37-jahre-abi-wandern-und-party-03-06-2023\/IMG_0779-Anja-R.jpeg\"\n               data-thumbnail=\"http:\/\/abi.allebrodt.net\/wp-content\/gallery\/37-jahre-abi-wandern-und-party-03-06-2023\/thumbs\/thumbs_IMG_0779-Anja-R.jpeg\"\n               data-image-id=\"482\"\n               data-title=\"IMG_0779-Anja-R\"\n               data-description=\"\"\n               data-image-slug=\"img_0779-anja-r\"\n               class=\"ngg-fancybox\" rel=\"c6cc19dce30a84b96c91bbd35e256df1\">\n                <img\n                    title=\"IMG_0779-Anja-R\"\n                    alt=\"IMG_0779-Anja-R\"\n                    src=\"http:\/\/abi.allebrodt.net\/wp-content\/gallery\/37-jahre-abi-wandern-und-party-03-06-2023\/thumbs\/thumbs_IMG_0779-Anja-R.jpeg\"\n                    width=\"100\"\n                    height=\"75\"\n                    style=\"max-width:100%;\"\n                \/>\n            <\/a>\n        <\/div>\n\t\t\t\t\t\t\t<\/div> \n\t\t\t\n        \n\t\t\t\t<div id=\"ngg-image-28\" class=\"ngg-gallery-thumbnail-box\" >\n\t\t\t\t        <div class=\"ngg-gallery-thumbnail\">\n            <a href=\"http:\/\/abi.allebrodt.net\/wp-content\/gallery\/37-jahre-abi-wandern-und-party-03-06-2023\/IMG_0780-Anja-R.jpeg\"\n               title=\"\"\n               data-src=\"http:\/\/abi.allebrodt.net\/wp-content\/gallery\/37-jahre-abi-wandern-und-party-03-06-2023\/IMG_0780-Anja-R.jpeg\"\n               data-thumbnail=\"http:\/\/abi.allebrodt.net\/wp-content\/gallery\/37-jahre-abi-wandern-und-party-03-06-2023\/thumbs\/thumbs_IMG_0780-Anja-R.jpeg\"\n               data-image-id=\"483\"\n               data-title=\"IMG_0780-Anja-R\"\n               data-description=\"\"\n               data-image-slug=\"img_0780-anja-r\"\n               class=\"ngg-fancybox\" rel=\"c6cc19dce30a84b96c91bbd35e256df1\">\n                <img\n                    title=\"IMG_0780-Anja-R\"\n                    alt=\"IMG_0780-Anja-R\"\n                    src=\"http:\/\/abi.allebrodt.net\/wp-content\/gallery\/37-jahre-abi-wandern-und-party-03-06-2023\/thumbs\/thumbs_IMG_0780-Anja-R.jpeg\"\n                    width=\"100\"\n                    height=\"75\"\n                    style=\"max-width:100%;\"\n                \/>\n            <\/a>\n        <\/div>\n\t\t\t\t\t\t\t<\/div> \n\t\t\t\n        \n\t\t\t\t<div id=\"ngg-image-29\" class=\"ngg-gallery-thumbnail-box\" >\n\t\t\t\t        <div class=\"ngg-gallery-thumbnail\">\n            <a href=\"http:\/\/abi.allebrodt.net\/wp-content\/gallery\/37-jahre-abi-wandern-und-party-03-06-2023\/IMG_0782-Anja-R.jpeg\"\n               title=\"\"\n               data-src=\"http:\/\/abi.allebrodt.net\/wp-content\/gallery\/37-jahre-abi-wandern-und-party-03-06-2023\/IMG_0782-Anja-R.jpeg\"\n               data-thumbnail=\"http:\/\/abi.allebrodt.net\/wp-content\/gallery\/37-jahre-abi-wandern-und-party-03-06-2023\/thumbs\/thumbs_IMG_0782-Anja-R.jpeg\"\n               data-image-id=\"484\"\n               data-title=\"IMG_0782-Anja-R\"\n               data-description=\"\"\n               data-image-slug=\"img_0782-anja-r\"\n               class=\"ngg-fancybox\" rel=\"c6cc19dce30a84b96c91bbd35e256df1\">\n                <img\n                    title=\"IMG_0782-Anja-R\"\n                    alt=\"IMG_0782-Anja-R\"\n                    src=\"http:\/\/abi.allebrodt.net\/wp-content\/gallery\/37-jahre-abi-wandern-und-party-03-06-2023\/thumbs\/thumbs_IMG_0782-Anja-R.jpeg\"\n                    width=\"100\"\n                    height=\"75\"\n                    style=\"max-width:100%;\"\n                \/>\n            <\/a>\n        <\/div>\n\t\t\t\t\t\t\t<\/div> \n\t\t\t\n        \n\t\t\t\t<div id=\"ngg-image-30\" class=\"ngg-gallery-thumbnail-box\" >\n\t\t\t\t        <div class=\"ngg-gallery-thumbnail\">\n            <a href=\"http:\/\/abi.allebrodt.net\/wp-content\/gallery\/37-jahre-abi-wandern-und-party-03-06-2023\/IMG_0783-Anja-R.jpeg\"\n               title=\"\"\n               data-src=\"http:\/\/abi.allebrodt.net\/wp-content\/gallery\/37-jahre-abi-wandern-und-party-03-06-2023\/IMG_0783-Anja-R.jpeg\"\n               data-thumbnail=\"http:\/\/abi.allebrodt.net\/wp-content\/gallery\/37-jahre-abi-wandern-und-party-03-06-2023\/thumbs\/thumbs_IMG_0783-Anja-R.jpeg\"\n               data-image-id=\"485\"\n               data-title=\"IMG_0783-Anja-R\"\n               data-description=\"\"\n               data-image-slug=\"img_0783-anja-r\"\n               class=\"ngg-fancybox\" rel=\"c6cc19dce30a84b96c91bbd35e256df1\">\n                <img\n                    title=\"IMG_0783-Anja-R\"\n                    alt=\"IMG_0783-Anja-R\"\n                    src=\"http:\/\/abi.allebrodt.net\/wp-content\/gallery\/37-jahre-abi-wandern-und-party-03-06-2023\/thumbs\/thumbs_IMG_0783-Anja-R.jpeg\"\n                    width=\"100\"\n                    height=\"75\"\n                    style=\"max-width:100%;\"\n                \/>\n            <\/a>\n        <\/div>\n\t\t\t\t\t\t\t<\/div> \n\t\t\t\n        \n\t\t\t\t<div id=\"ngg-image-31\" class=\"ngg-gallery-thumbnail-box\" >\n\t\t\t\t        <div class=\"ngg-gallery-thumbnail\">\n            <a href=\"http:\/\/abi.allebrodt.net\/wp-content\/gallery\/37-jahre-abi-wandern-und-party-03-06-2023\/IMG_0786-Anja-R.jpeg\"\n               title=\"\"\n               data-src=\"http:\/\/abi.allebrodt.net\/wp-content\/gallery\/37-jahre-abi-wandern-und-party-03-06-2023\/IMG_0786-Anja-R.jpeg\"\n               data-thumbnail=\"http:\/\/abi.allebrodt.net\/wp-content\/gallery\/37-jahre-abi-wandern-und-party-03-06-2023\/thumbs\/thumbs_IMG_0786-Anja-R.jpeg\"\n               data-image-id=\"490\"\n               data-title=\"IMG_0786-Anja-R\"\n               data-description=\"\"\n               data-image-slug=\"img_0786-anja-r\"\n               class=\"ngg-fancybox\" rel=\"c6cc19dce30a84b96c91bbd35e256df1\">\n                <img\n                    title=\"IMG_0786-Anja-R\"\n                    alt=\"IMG_0786-Anja-R\"\n                    src=\"http:\/\/abi.allebrodt.net\/wp-content\/gallery\/37-jahre-abi-wandern-und-party-03-06-2023\/thumbs\/thumbs_IMG_0786-Anja-R.jpeg\"\n                    width=\"100\"\n                    height=\"75\"\n                    style=\"max-width:100%;\"\n                \/>\n            <\/a>\n        <\/div>\n\t\t\t\t\t\t\t<\/div> \n\t\t\t\n        \n\t\t\t\t<div id=\"ngg-image-32\" class=\"ngg-gallery-thumbnail-box\" >\n\t\t\t\t        <div class=\"ngg-gallery-thumbnail\">\n            <a href=\"http:\/\/abi.allebrodt.net\/wp-content\/gallery\/37-jahre-abi-wandern-und-party-03-06-2023\/IMG_0785-Anja-R.jpeg\"\n               title=\"\"\n               data-src=\"http:\/\/abi.allebrodt.net\/wp-content\/gallery\/37-jahre-abi-wandern-und-party-03-06-2023\/IMG_0785-Anja-R.jpeg\"\n               data-thumbnail=\"http:\/\/abi.allebrodt.net\/wp-content\/gallery\/37-jahre-abi-wandern-und-party-03-06-2023\/thumbs\/thumbs_IMG_0785-Anja-R.jpeg\"\n               data-image-id=\"487\"\n               data-title=\"IMG_0785-Anja-R\"\n               data-description=\"\"\n               data-image-slug=\"img_0785-anja-r\"\n               class=\"ngg-fancybox\" rel=\"c6cc19dce30a84b96c91bbd35e256df1\">\n                <img\n                    title=\"IMG_0785-Anja-R\"\n                    alt=\"IMG_0785-Anja-R\"\n                    src=\"http:\/\/abi.allebrodt.net\/wp-content\/gallery\/37-jahre-abi-wandern-und-party-03-06-2023\/thumbs\/thumbs_IMG_0785-Anja-R.jpeg\"\n                    width=\"100\"\n                    height=\"75\"\n                    style=\"max-width:100%;\"\n                \/>\n            <\/a>\n        <\/div>\n\t\t\t\t\t\t\t<\/div> \n\t\t\t\n        \n\t\t\t\t<div id=\"ngg-image-33\" class=\"ngg-gallery-thumbnail-box\" >\n\t\t\t\t        <div class=\"ngg-gallery-thumbnail\">\n            <a href=\"http:\/\/abi.allebrodt.net\/wp-content\/gallery\/37-jahre-abi-wandern-und-party-03-06-2023\/IMG_0784-Anja-R.jpeg\"\n               title=\"\"\n               data-src=\"http:\/\/abi.allebrodt.net\/wp-content\/gallery\/37-jahre-abi-wandern-und-party-03-06-2023\/IMG_0784-Anja-R.jpeg\"\n               data-thumbnail=\"http:\/\/abi.allebrodt.net\/wp-content\/gallery\/37-jahre-abi-wandern-und-party-03-06-2023\/thumbs\/thumbs_IMG_0784-Anja-R.jpeg\"\n               data-image-id=\"486\"\n               data-title=\"IMG_0784-Anja-R\"\n               data-description=\"\"\n               data-image-slug=\"img_0784-anja-r\"\n               class=\"ngg-fancybox\" rel=\"c6cc19dce30a84b96c91bbd35e256df1\">\n                <img\n                    title=\"IMG_0784-Anja-R\"\n                    alt=\"IMG_0784-Anja-R\"\n                    src=\"http:\/\/abi.allebrodt.net\/wp-content\/gallery\/37-jahre-abi-wandern-und-party-03-06-2023\/thumbs\/thumbs_IMG_0784-Anja-R.jpeg\"\n                    width=\"100\"\n                    height=\"75\"\n                    style=\"max-width:100%;\"\n                \/>\n            <\/a>\n        <\/div>\n\t\t\t\t\t\t\t<\/div> \n\t\t\t\n        \n\t\t\t\t<div id=\"ngg-image-34\" class=\"ngg-gallery-thumbnail-box\" >\n\t\t\t\t        <div class=\"ngg-gallery-thumbnail\">\n            <a href=\"http:\/\/abi.allebrodt.net\/wp-content\/gallery\/37-jahre-abi-wandern-und-party-03-06-2023\/IMG_4599-Dirk-Bertling.jpg\"\n               title=\"\"\n               data-src=\"http:\/\/abi.allebrodt.net\/wp-content\/gallery\/37-jahre-abi-wandern-und-party-03-06-2023\/IMG_4599-Dirk-Bertling.jpg\"\n               data-thumbnail=\"http:\/\/abi.allebrodt.net\/wp-content\/gallery\/37-jahre-abi-wandern-und-party-03-06-2023\/thumbs\/thumbs_IMG_4599-Dirk-Bertling.jpg\"\n               data-image-id=\"500\"\n               data-title=\"IMG_4599-Dirk-Bertling\"\n               data-description=\"\"\n               data-image-slug=\"img_4599-dirk-bertling\"\n               class=\"ngg-fancybox\" rel=\"c6cc19dce30a84b96c91bbd35e256df1\">\n                <img\n                    title=\"IMG_4599-Dirk-Bertling\"\n                    alt=\"IMG_4599-Dirk-Bertling\"\n                    src=\"http:\/\/abi.allebrodt.net\/wp-content\/gallery\/37-jahre-abi-wandern-und-party-03-06-2023\/thumbs\/thumbs_IMG_4599-Dirk-Bertling.jpg\"\n                    width=\"100\"\n                    height=\"75\"\n                    style=\"max-width:100%;\"\n                \/>\n            <\/a>\n        <\/div>\n\t\t\t\t\t\t\t<\/div> \n\t\t\t\n        \n\t\t\t\t<div id=\"ngg-image-35\" class=\"ngg-gallery-thumbnail-box\" >\n\t\t\t\t        <div class=\"ngg-gallery-thumbnail\">\n            <a href=\"http:\/\/abi.allebrodt.net\/wp-content\/gallery\/37-jahre-abi-wandern-und-party-03-06-2023\/IMG_4598-Dirk-Bertling.jpg\"\n               title=\"\"\n               data-src=\"http:\/\/abi.allebrodt.net\/wp-content\/gallery\/37-jahre-abi-wandern-und-party-03-06-2023\/IMG_4598-Dirk-Bertling.jpg\"\n               data-thumbnail=\"http:\/\/abi.allebrodt.net\/wp-content\/gallery\/37-jahre-abi-wandern-und-party-03-06-2023\/thumbs\/thumbs_IMG_4598-Dirk-Bertling.jpg\"\n               data-image-id=\"501\"\n               data-title=\"IMG_4598-Dirk-Bertling\"\n               data-description=\"\"\n               data-image-slug=\"img_4598-dirk-bertling\"\n               class=\"ngg-fancybox\" rel=\"c6cc19dce30a84b96c91bbd35e256df1\">\n                <img\n                    title=\"IMG_4598-Dirk-Bertling\"\n                    alt=\"IMG_4598-Dirk-Bertling\"\n                    src=\"http:\/\/abi.allebrodt.net\/wp-content\/gallery\/37-jahre-abi-wandern-und-party-03-06-2023\/thumbs\/thumbs_IMG_4598-Dirk-Bertling.jpg\"\n                    width=\"100\"\n                    height=\"75\"\n                    style=\"max-width:100%;\"\n                \/>\n            <\/a>\n        <\/div>\n\t\t\t\t\t\t\t<\/div> \n\t\t\t\n        \n\t\t\t\t<div id=\"ngg-image-36\" class=\"ngg-gallery-thumbnail-box\" >\n\t\t\t\t        <div class=\"ngg-gallery-thumbnail\">\n            <a href=\"http:\/\/abi.allebrodt.net\/wp-content\/gallery\/37-jahre-abi-wandern-und-party-03-06-2023\/IMG_4597-Dirk-Bertling.jpg\"\n               title=\"\"\n               data-src=\"http:\/\/abi.allebrodt.net\/wp-content\/gallery\/37-jahre-abi-wandern-und-party-03-06-2023\/IMG_4597-Dirk-Bertling.jpg\"\n               data-thumbnail=\"http:\/\/abi.allebrodt.net\/wp-content\/gallery\/37-jahre-abi-wandern-und-party-03-06-2023\/thumbs\/thumbs_IMG_4597-Dirk-Bertling.jpg\"\n               data-image-id=\"502\"\n               data-title=\"IMG_4597-Dirk-Bertling\"\n               data-description=\"\"\n               data-image-slug=\"img_4597-dirk-bertling\"\n               class=\"ngg-fancybox\" rel=\"c6cc19dce30a84b96c91bbd35e256df1\">\n                <img\n                    title=\"IMG_4597-Dirk-Bertling\"\n                    alt=\"IMG_4597-Dirk-Bertling\"\n                    src=\"http:\/\/abi.allebrodt.net\/wp-content\/gallery\/37-jahre-abi-wandern-und-party-03-06-2023\/thumbs\/thumbs_IMG_4597-Dirk-Bertling.jpg\"\n                    width=\"100\"\n                    height=\"75\"\n                    style=\"max-width:100%;\"\n                \/>\n            <\/a>\n        <\/div>\n\t\t\t\t\t\t\t<\/div> \n\t\t\t\n        \n\t\t\t\t<div id=\"ngg-image-37\" class=\"ngg-gallery-thumbnail-box\" >\n\t\t\t\t        <div class=\"ngg-gallery-thumbnail\">\n            <a href=\"http:\/\/abi.allebrodt.net\/wp-content\/gallery\/37-jahre-abi-wandern-und-party-03-06-2023\/IMG_4601-Dirk-Bertling.jpg\"\n               title=\"\"\n               data-src=\"http:\/\/abi.allebrodt.net\/wp-content\/gallery\/37-jahre-abi-wandern-und-party-03-06-2023\/IMG_4601-Dirk-Bertling.jpg\"\n               data-thumbnail=\"http:\/\/abi.allebrodt.net\/wp-content\/gallery\/37-jahre-abi-wandern-und-party-03-06-2023\/thumbs\/thumbs_IMG_4601-Dirk-Bertling.jpg\"\n               data-image-id=\"503\"\n               data-title=\"IMG_4601-Dirk-Bertling\"\n               data-description=\"\"\n               data-image-slug=\"img_4601-dirk-bertling\"\n               class=\"ngg-fancybox\" rel=\"c6cc19dce30a84b96c91bbd35e256df1\">\n                <img\n                    title=\"IMG_4601-Dirk-Bertling\"\n                    alt=\"IMG_4601-Dirk-Bertling\"\n                    src=\"http:\/\/abi.allebrodt.net\/wp-content\/gallery\/37-jahre-abi-wandern-und-party-03-06-2023\/thumbs\/thumbs_IMG_4601-Dirk-Bertling.jpg\"\n                    width=\"100\"\n                    height=\"75\"\n                    style=\"max-width:100%;\"\n                \/>\n            <\/a>\n        <\/div>\n\t\t\t\t\t\t\t<\/div> \n\t\t\t\n        \n\t\t\t\t<div id=\"ngg-image-38\" class=\"ngg-gallery-thumbnail-box\" >\n\t\t\t\t        <div class=\"ngg-gallery-thumbnail\">\n            <a href=\"http:\/\/abi.allebrodt.net\/wp-content\/gallery\/37-jahre-abi-wandern-und-party-03-06-2023\/IMG_4600-Dirk-Bertling.jpg\"\n               title=\"\"\n               data-src=\"http:\/\/abi.allebrodt.net\/wp-content\/gallery\/37-jahre-abi-wandern-und-party-03-06-2023\/IMG_4600-Dirk-Bertling.jpg\"\n               data-thumbnail=\"http:\/\/abi.allebrodt.net\/wp-content\/gallery\/37-jahre-abi-wandern-und-party-03-06-2023\/thumbs\/thumbs_IMG_4600-Dirk-Bertling.jpg\"\n               data-image-id=\"504\"\n               data-title=\"IMG_4600-Dirk-Bertling\"\n               data-description=\"\"\n               data-image-slug=\"img_4600-dirk-bertling\"\n               class=\"ngg-fancybox\" rel=\"c6cc19dce30a84b96c91bbd35e256df1\">\n                <img\n                    title=\"IMG_4600-Dirk-Bertling\"\n                    alt=\"IMG_4600-Dirk-Bertling\"\n                    src=\"http:\/\/abi.allebrodt.net\/wp-content\/gallery\/37-jahre-abi-wandern-und-party-03-06-2023\/thumbs\/thumbs_IMG_4600-Dirk-Bertling.jpg\"\n                    width=\"100\"\n                    height=\"75\"\n                    style=\"max-width:100%;\"\n                \/>\n            <\/a>\n        <\/div>\n\t\t\t\t\t\t\t<\/div> \n\t\t\t\n        \n\t\t\t\t<div id=\"ngg-image-39\" class=\"ngg-gallery-thumbnail-box\" >\n\t\t\t\t        <div class=\"ngg-gallery-thumbnail\">\n            <a href=\"http:\/\/abi.allebrodt.net\/wp-content\/gallery\/37-jahre-abi-wandern-und-party-03-06-2023\/IMG_4603-Dirk-Bertling.jpg\"\n               title=\"\"\n               data-src=\"http:\/\/abi.allebrodt.net\/wp-content\/gallery\/37-jahre-abi-wandern-und-party-03-06-2023\/IMG_4603-Dirk-Bertling.jpg\"\n               data-thumbnail=\"http:\/\/abi.allebrodt.net\/wp-content\/gallery\/37-jahre-abi-wandern-und-party-03-06-2023\/thumbs\/thumbs_IMG_4603-Dirk-Bertling.jpg\"\n               data-image-id=\"506\"\n               data-title=\"IMG_4603-Dirk-Bertling\"\n               data-description=\"\"\n               data-image-slug=\"img_4603-dirk-bertling\"\n               class=\"ngg-fancybox\" rel=\"c6cc19dce30a84b96c91bbd35e256df1\">\n                <img\n                    title=\"IMG_4603-Dirk-Bertling\"\n                    alt=\"IMG_4603-Dirk-Bertling\"\n                    src=\"http:\/\/abi.allebrodt.net\/wp-content\/gallery\/37-jahre-abi-wandern-und-party-03-06-2023\/thumbs\/thumbs_IMG_4603-Dirk-Bertling.jpg\"\n                    width=\"100\"\n                    height=\"75\"\n                    style=\"max-width:100%;\"\n                \/>\n            <\/a>\n        <\/div>\n\t\t\t\t\t\t\t<\/div> \n\t\t\t\n        \n\t\t\t\t<div id=\"ngg-image-40\" class=\"ngg-gallery-thumbnail-box\" >\n\t\t\t\t        <div class=\"ngg-gallery-thumbnail\">\n            <a href=\"http:\/\/abi.allebrodt.net\/wp-content\/gallery\/37-jahre-abi-wandern-und-party-03-06-2023\/IMG_4604-Dirk-Bertling.jpg\"\n               title=\"\"\n               data-src=\"http:\/\/abi.allebrodt.net\/wp-content\/gallery\/37-jahre-abi-wandern-und-party-03-06-2023\/IMG_4604-Dirk-Bertling.jpg\"\n               data-thumbnail=\"http:\/\/abi.allebrodt.net\/wp-content\/gallery\/37-jahre-abi-wandern-und-party-03-06-2023\/thumbs\/thumbs_IMG_4604-Dirk-Bertling.jpg\"\n               data-image-id=\"507\"\n               data-title=\"IMG_4604-Dirk-Bertling\"\n               data-description=\"\"\n               data-image-slug=\"img_4604-dirk-bertling\"\n               class=\"ngg-fancybox\" rel=\"c6cc19dce30a84b96c91bbd35e256df1\">\n                <img\n                    title=\"IMG_4604-Dirk-Bertling\"\n                    alt=\"IMG_4604-Dirk-Bertling\"\n                    src=\"http:\/\/abi.allebrodt.net\/wp-content\/gallery\/37-jahre-abi-wandern-und-party-03-06-2023\/thumbs\/thumbs_IMG_4604-Dirk-Bertling.jpg\"\n                    width=\"100\"\n                    height=\"75\"\n                    style=\"max-width:100%;\"\n                \/>\n            <\/a>\n        <\/div>\n\t\t\t\t\t\t\t<\/div> \n\t\t\t\n        \n\t\t\t\t<div id=\"ngg-image-41\" class=\"ngg-gallery-thumbnail-box\" >\n\t\t\t\t        <div class=\"ngg-gallery-thumbnail\">\n            <a href=\"http:\/\/abi.allebrodt.net\/wp-content\/gallery\/37-jahre-abi-wandern-und-party-03-06-2023\/IMG_4602-Dirk-Bertling.jpg\"\n               title=\"\"\n               data-src=\"http:\/\/abi.allebrodt.net\/wp-content\/gallery\/37-jahre-abi-wandern-und-party-03-06-2023\/IMG_4602-Dirk-Bertling.jpg\"\n               data-thumbnail=\"http:\/\/abi.allebrodt.net\/wp-content\/gallery\/37-jahre-abi-wandern-und-party-03-06-2023\/thumbs\/thumbs_IMG_4602-Dirk-Bertling.jpg\"\n               data-image-id=\"505\"\n               data-title=\"IMG_4602-Dirk-Bertling\"\n               data-description=\"\"\n               data-image-slug=\"img_4602-dirk-bertling\"\n               class=\"ngg-fancybox\" rel=\"c6cc19dce30a84b96c91bbd35e256df1\">\n                <img\n                    title=\"IMG_4602-Dirk-Bertling\"\n                    alt=\"IMG_4602-Dirk-Bertling\"\n                    src=\"http:\/\/abi.allebrodt.net\/wp-content\/gallery\/37-jahre-abi-wandern-und-party-03-06-2023\/thumbs\/thumbs_IMG_4602-Dirk-Bertling.jpg\"\n                    width=\"100\"\n                    height=\"75\"\n                    style=\"max-width:100%;\"\n                \/>\n            <\/a>\n        <\/div>\n\t\t\t\t\t\t\t<\/div> \n\t\t\t\n        \n\t\t\t\t<div id=\"ngg-image-42\" class=\"ngg-gallery-thumbnail-box\" >\n\t\t\t\t        <div class=\"ngg-gallery-thumbnail\">\n            <a href=\"http:\/\/abi.allebrodt.net\/wp-content\/gallery\/37-jahre-abi-wandern-und-party-03-06-2023\/IMG_0787-Anja-R.jpeg\"\n               title=\"\"\n               data-src=\"http:\/\/abi.allebrodt.net\/wp-content\/gallery\/37-jahre-abi-wandern-und-party-03-06-2023\/IMG_0787-Anja-R.jpeg\"\n               data-thumbnail=\"http:\/\/abi.allebrodt.net\/wp-content\/gallery\/37-jahre-abi-wandern-und-party-03-06-2023\/thumbs\/thumbs_IMG_0787-Anja-R.jpeg\"\n               data-image-id=\"489\"\n               data-title=\"IMG_0787-Anja-R\"\n               data-description=\"\"\n               data-image-slug=\"img_0787-anja-r\"\n               class=\"ngg-fancybox\" rel=\"c6cc19dce30a84b96c91bbd35e256df1\">\n                <img\n                    title=\"IMG_0787-Anja-R\"\n                    alt=\"IMG_0787-Anja-R\"\n                    src=\"http:\/\/abi.allebrodt.net\/wp-content\/gallery\/37-jahre-abi-wandern-und-party-03-06-2023\/thumbs\/thumbs_IMG_0787-Anja-R.jpeg\"\n                    width=\"100\"\n                    height=\"75\"\n                    style=\"max-width:100%;\"\n                \/>\n            <\/a>\n        <\/div>\n\t\t\t\t\t\t\t<\/div> \n\t\t\t\n        \n\t\t\t\t<div id=\"ngg-image-43\" class=\"ngg-gallery-thumbnail-box\" >\n\t\t\t\t        <div class=\"ngg-gallery-thumbnail\">\n            <a href=\"http:\/\/abi.allebrodt.net\/wp-content\/gallery\/37-jahre-abi-wandern-und-party-03-06-2023\/IMG_0788-Anja-R.jpeg\"\n               title=\"\"\n               data-src=\"http:\/\/abi.allebrodt.net\/wp-content\/gallery\/37-jahre-abi-wandern-und-party-03-06-2023\/IMG_0788-Anja-R.jpeg\"\n               data-thumbnail=\"http:\/\/abi.allebrodt.net\/wp-content\/gallery\/37-jahre-abi-wandern-und-party-03-06-2023\/thumbs\/thumbs_IMG_0788-Anja-R.jpeg\"\n               data-image-id=\"488\"\n               data-title=\"IMG_0788-Anja-R\"\n               data-description=\"\"\n               data-image-slug=\"img_0788-anja-r\"\n               class=\"ngg-fancybox\" rel=\"c6cc19dce30a84b96c91bbd35e256df1\">\n                <img\n                    title=\"IMG_0788-Anja-R\"\n                    alt=\"IMG_0788-Anja-R\"\n                    src=\"http:\/\/abi.allebrodt.net\/wp-content\/gallery\/37-jahre-abi-wandern-und-party-03-06-2023\/thumbs\/thumbs_IMG_0788-Anja-R.jpeg\"\n                    width=\"100\"\n                    height=\"75\"\n                    style=\"max-width:100%;\"\n                \/>\n            <\/a>\n        <\/div>\n\t\t\t\t\t\t\t<\/div> \n\t\t\t\n        \n\t\t\t\t<div id=\"ngg-image-44\" class=\"ngg-gallery-thumbnail-box\" >\n\t\t\t\t        <div class=\"ngg-gallery-thumbnail\">\n            <a href=\"http:\/\/abi.allebrodt.net\/wp-content\/gallery\/37-jahre-abi-wandern-und-party-03-06-2023\/IMG_0309-Abi-Allebrodt.jpeg\"\n               title=\"\"\n               data-src=\"http:\/\/abi.allebrodt.net\/wp-content\/gallery\/37-jahre-abi-wandern-und-party-03-06-2023\/IMG_0309-Abi-Allebrodt.jpeg\"\n               data-thumbnail=\"http:\/\/abi.allebrodt.net\/wp-content\/gallery\/37-jahre-abi-wandern-und-party-03-06-2023\/thumbs\/thumbs_IMG_0309-Abi-Allebrodt.jpeg\"\n               data-image-id=\"463\"\n               data-title=\"IMG_0309-Abi-Allebrodt\"\n               data-description=\"\"\n               data-image-slug=\"img_0309-abi-allebrodt\"\n               class=\"ngg-fancybox\" rel=\"c6cc19dce30a84b96c91bbd35e256df1\">\n                <img\n                    title=\"IMG_0309-Abi-Allebrodt\"\n                    alt=\"IMG_0309-Abi-Allebrodt\"\n                    src=\"http:\/\/abi.allebrodt.net\/wp-content\/gallery\/37-jahre-abi-wandern-und-party-03-06-2023\/thumbs\/thumbs_IMG_0309-Abi-Allebrodt.jpeg\"\n                    width=\"100\"\n                    height=\"75\"\n                    style=\"max-width:100%;\"\n                \/>\n            <\/a>\n        <\/div>\n\t\t\t\t\t\t\t<\/div> \n\t\t\t\n        \n\t\t\t\t<div id=\"ngg-image-45\" class=\"ngg-gallery-thumbnail-box\" >\n\t\t\t\t        <div class=\"ngg-gallery-thumbnail\">\n            <a href=\"http:\/\/abi.allebrodt.net\/wp-content\/gallery\/37-jahre-abi-wandern-und-party-03-06-2023\/IMG_0310-Abi-Allebrodt.jpeg\"\n               title=\"\"\n               data-src=\"http:\/\/abi.allebrodt.net\/wp-content\/gallery\/37-jahre-abi-wandern-und-party-03-06-2023\/IMG_0310-Abi-Allebrodt.jpeg\"\n               data-thumbnail=\"http:\/\/abi.allebrodt.net\/wp-content\/gallery\/37-jahre-abi-wandern-und-party-03-06-2023\/thumbs\/thumbs_IMG_0310-Abi-Allebrodt.jpeg\"\n               data-image-id=\"464\"\n               data-title=\"IMG_0310-Abi-Allebrodt\"\n               data-description=\"\"\n               data-image-slug=\"img_0310-abi-allebrodt\"\n               class=\"ngg-fancybox\" rel=\"c6cc19dce30a84b96c91bbd35e256df1\">\n                <img\n                    title=\"IMG_0310-Abi-Allebrodt\"\n                    alt=\"IMG_0310-Abi-Allebrodt\"\n                    src=\"http:\/\/abi.allebrodt.net\/wp-content\/gallery\/37-jahre-abi-wandern-und-party-03-06-2023\/thumbs\/thumbs_IMG_0310-Abi-Allebrodt.jpeg\"\n                    width=\"100\"\n                    height=\"75\"\n                    style=\"max-width:100%;\"\n                \/>\n            <\/a>\n        <\/div>\n\t\t\t\t\t\t\t<\/div> \n\t\t\t\n        \n\t\t\t\t<div id=\"ngg-image-46\" class=\"ngg-gallery-thumbnail-box\" >\n\t\t\t\t        <div class=\"ngg-gallery-thumbnail\">\n            <a href=\"http:\/\/abi.allebrodt.net\/wp-content\/gallery\/37-jahre-abi-wandern-und-party-03-06-2023\/f2272323-c32d-4c7a-9d9c-0a7027fa3af9-Abi-Allebrodt.jpeg\"\n               title=\"\"\n               data-src=\"http:\/\/abi.allebrodt.net\/wp-content\/gallery\/37-jahre-abi-wandern-und-party-03-06-2023\/f2272323-c32d-4c7a-9d9c-0a7027fa3af9-Abi-Allebrodt.jpeg\"\n               data-thumbnail=\"http:\/\/abi.allebrodt.net\/wp-content\/gallery\/37-jahre-abi-wandern-und-party-03-06-2023\/thumbs\/thumbs_f2272323-c32d-4c7a-9d9c-0a7027fa3af9-Abi-Allebrodt.jpeg\"\n               data-image-id=\"462\"\n               data-title=\"f2272323-c32d-4c7a-9d9c-0a7027fa3af9-Abi-Allebrodt\"\n               data-description=\"\"\n               data-image-slug=\"f2272323-c32d-4c7a-9d9c-0a7027fa3af9-abi-allebrodt\"\n               class=\"ngg-fancybox\" rel=\"c6cc19dce30a84b96c91bbd35e256df1\">\n                <img\n                    title=\"f2272323-c32d-4c7a-9d9c-0a7027fa3af9-Abi-Allebrodt\"\n                    alt=\"f2272323-c32d-4c7a-9d9c-0a7027fa3af9-Abi-Allebrodt\"\n                    src=\"http:\/\/abi.allebrodt.net\/wp-content\/gallery\/37-jahre-abi-wandern-und-party-03-06-2023\/thumbs\/thumbs_f2272323-c32d-4c7a-9d9c-0a7027fa3af9-Abi-Allebrodt.jpeg\"\n                    width=\"100\"\n                    height=\"75\"\n                    style=\"max-width:100%;\"\n                \/>\n            <\/a>\n        <\/div>\n\t\t\t\t\t\t\t<\/div> \n\t\t\t\n        \n\t\t\t\t<div id=\"ngg-image-47\" class=\"ngg-gallery-thumbnail-box\" >\n\t\t\t\t        <div class=\"ngg-gallery-thumbnail\">\n            <a href=\"http:\/\/abi.allebrodt.net\/wp-content\/gallery\/37-jahre-abi-wandern-und-party-03-06-2023\/b02c19c6-010a-4b0e-b67a-9519eaa4b937-Abi-Allebrodt.jpeg\"\n               title=\"\"\n               data-src=\"http:\/\/abi.allebrodt.net\/wp-content\/gallery\/37-jahre-abi-wandern-und-party-03-06-2023\/b02c19c6-010a-4b0e-b67a-9519eaa4b937-Abi-Allebrodt.jpeg\"\n               data-thumbnail=\"http:\/\/abi.allebrodt.net\/wp-content\/gallery\/37-jahre-abi-wandern-und-party-03-06-2023\/thumbs\/thumbs_b02c19c6-010a-4b0e-b67a-9519eaa4b937-Abi-Allebrodt.jpeg\"\n               data-image-id=\"458\"\n               data-title=\"b02c19c6-010a-4b0e-b67a-9519eaa4b937-Abi-Allebrodt\"\n               data-description=\"\"\n               data-image-slug=\"b02c19c6-010a-4b0e-b67a-9519eaa4b937-abi-allebrodt\"\n               class=\"ngg-fancybox\" rel=\"c6cc19dce30a84b96c91bbd35e256df1\">\n                <img\n                    title=\"b02c19c6-010a-4b0e-b67a-9519eaa4b937-Abi-Allebrodt\"\n                    alt=\"b02c19c6-010a-4b0e-b67a-9519eaa4b937-Abi-Allebrodt\"\n                    src=\"http:\/\/abi.allebrodt.net\/wp-content\/gallery\/37-jahre-abi-wandern-und-party-03-06-2023\/thumbs\/thumbs_b02c19c6-010a-4b0e-b67a-9519eaa4b937-Abi-Allebrodt.jpeg\"\n                    width=\"100\"\n                    height=\"75\"\n                    style=\"max-width:100%;\"\n                \/>\n            <\/a>\n        <\/div>\n\t\t\t\t\t\t\t<\/div> \n\t\t\t\n        \n\t\t\t\t<div id=\"ngg-image-48\" class=\"ngg-gallery-thumbnail-box\" >\n\t\t\t\t        <div class=\"ngg-gallery-thumbnail\">\n            <a href=\"http:\/\/abi.allebrodt.net\/wp-content\/gallery\/37-jahre-abi-wandern-und-party-03-06-2023\/IMG_0314-Abi-Allebrodt.jpeg\"\n               title=\"\"\n               data-src=\"http:\/\/abi.allebrodt.net\/wp-content\/gallery\/37-jahre-abi-wandern-und-party-03-06-2023\/IMG_0314-Abi-Allebrodt.jpeg\"\n               data-thumbnail=\"http:\/\/abi.allebrodt.net\/wp-content\/gallery\/37-jahre-abi-wandern-und-party-03-06-2023\/thumbs\/thumbs_IMG_0314-Abi-Allebrodt.jpeg\"\n               data-image-id=\"465\"\n               data-title=\"IMG_0314-Abi-Allebrodt\"\n               data-description=\"\"\n               data-image-slug=\"img_0314-abi-allebrodt\"\n               class=\"ngg-fancybox\" rel=\"c6cc19dce30a84b96c91bbd35e256df1\">\n                <img\n                    title=\"IMG_0314-Abi-Allebrodt\"\n                    alt=\"IMG_0314-Abi-Allebrodt\"\n                    src=\"http:\/\/abi.allebrodt.net\/wp-content\/gallery\/37-jahre-abi-wandern-und-party-03-06-2023\/thumbs\/thumbs_IMG_0314-Abi-Allebrodt.jpeg\"\n                    width=\"100\"\n                    height=\"75\"\n                    style=\"max-width:100%;\"\n                \/>\n            <\/a>\n        <\/div>\n\t\t\t\t\t\t\t<\/div> \n\t\t\t\n        \n\t\t\t\t<div id=\"ngg-image-49\" class=\"ngg-gallery-thumbnail-box\" >\n\t\t\t\t        <div class=\"ngg-gallery-thumbnail\">\n            <a href=\"http:\/\/abi.allebrodt.net\/wp-content\/gallery\/37-jahre-abi-wandern-und-party-03-06-2023\/IMG_0315-Abi-Allebrodt.jpeg\"\n               title=\"\"\n               data-src=\"http:\/\/abi.allebrodt.net\/wp-content\/gallery\/37-jahre-abi-wandern-und-party-03-06-2023\/IMG_0315-Abi-Allebrodt.jpeg\"\n               data-thumbnail=\"http:\/\/abi.allebrodt.net\/wp-content\/gallery\/37-jahre-abi-wandern-und-party-03-06-2023\/thumbs\/thumbs_IMG_0315-Abi-Allebrodt.jpeg\"\n               data-image-id=\"466\"\n               data-title=\"IMG_0315-Abi-Allebrodt\"\n               data-description=\"\"\n               data-image-slug=\"img_0315-abi-allebrodt\"\n               class=\"ngg-fancybox\" rel=\"c6cc19dce30a84b96c91bbd35e256df1\">\n                <img\n                    title=\"IMG_0315-Abi-Allebrodt\"\n                    alt=\"IMG_0315-Abi-Allebrodt\"\n                    src=\"http:\/\/abi.allebrodt.net\/wp-content\/gallery\/37-jahre-abi-wandern-und-party-03-06-2023\/thumbs\/thumbs_IMG_0315-Abi-Allebrodt.jpeg\"\n                    width=\"100\"\n                    height=\"75\"\n                    style=\"max-width:100%;\"\n                \/>\n            <\/a>\n        <\/div>\n\t\t\t\t\t\t\t<\/div> \n\t\t\t\n        \n\t\t\t\t<div id=\"ngg-image-50\" class=\"ngg-gallery-thumbnail-box\" >\n\t\t\t\t        <div class=\"ngg-gallery-thumbnail\">\n            <a href=\"http:\/\/abi.allebrodt.net\/wp-content\/gallery\/37-jahre-abi-wandern-und-party-03-06-2023\/IMG_0316-Abi-Allebrodt.jpeg\"\n               title=\"\"\n               data-src=\"http:\/\/abi.allebrodt.net\/wp-content\/gallery\/37-jahre-abi-wandern-und-party-03-06-2023\/IMG_0316-Abi-Allebrodt.jpeg\"\n               data-thumbnail=\"http:\/\/abi.allebrodt.net\/wp-content\/gallery\/37-jahre-abi-wandern-und-party-03-06-2023\/thumbs\/thumbs_IMG_0316-Abi-Allebrodt.jpeg\"\n               data-image-id=\"467\"\n               data-title=\"IMG_0316-Abi-Allebrodt\"\n               data-description=\"\"\n               data-image-slug=\"img_0316-abi-allebrodt\"\n               class=\"ngg-fancybox\" rel=\"c6cc19dce30a84b96c91bbd35e256df1\">\n                <img\n                    title=\"IMG_0316-Abi-Allebrodt\"\n                    alt=\"IMG_0316-Abi-Allebrodt\"\n                    src=\"http:\/\/abi.allebrodt.net\/wp-content\/gallery\/37-jahre-abi-wandern-und-party-03-06-2023\/thumbs\/thumbs_IMG_0316-Abi-Allebrodt.jpeg\"\n                    width=\"100\"\n                    height=\"75\"\n                    style=\"max-width:100%;\"\n                \/>\n            <\/a>\n        <\/div>\n\t\t\t\t\t\t\t<\/div> \n\t\t\t\n        \n\t\t\t\t<div id=\"ngg-image-51\" class=\"ngg-gallery-thumbnail-box\" >\n\t\t\t\t        <div class=\"ngg-gallery-thumbnail\">\n            <a href=\"http:\/\/abi.allebrodt.net\/wp-content\/gallery\/37-jahre-abi-wandern-und-party-03-06-2023\/IMG_0317-Abi-Allebrodt.jpeg\"\n               title=\"\"\n               data-src=\"http:\/\/abi.allebrodt.net\/wp-content\/gallery\/37-jahre-abi-wandern-und-party-03-06-2023\/IMG_0317-Abi-Allebrodt.jpeg\"\n               data-thumbnail=\"http:\/\/abi.allebrodt.net\/wp-content\/gallery\/37-jahre-abi-wandern-und-party-03-06-2023\/thumbs\/thumbs_IMG_0317-Abi-Allebrodt.jpeg\"\n               data-image-id=\"468\"\n               data-title=\"IMG_0317-Abi-Allebrodt\"\n               data-description=\"\"\n               data-image-slug=\"img_0317-abi-allebrodt\"\n               class=\"ngg-fancybox\" rel=\"c6cc19dce30a84b96c91bbd35e256df1\">\n                <img\n                    title=\"IMG_0317-Abi-Allebrodt\"\n                    alt=\"IMG_0317-Abi-Allebrodt\"\n                    src=\"http:\/\/abi.allebrodt.net\/wp-content\/gallery\/37-jahre-abi-wandern-und-party-03-06-2023\/thumbs\/thumbs_IMG_0317-Abi-Allebrodt.jpeg\"\n                    width=\"100\"\n                    height=\"75\"\n                    style=\"max-width:100%;\"\n                \/>\n            <\/a>\n        <\/div>\n\t\t\t\t\t\t\t<\/div> \n\t\t\t\n        \n\t\t\t\t<div id=\"ngg-image-52\" class=\"ngg-gallery-thumbnail-box\" >\n\t\t\t\t        <div class=\"ngg-gallery-thumbnail\">\n            <a href=\"http:\/\/abi.allebrodt.net\/wp-content\/gallery\/37-jahre-abi-wandern-und-party-03-06-2023\/IMG_0318-Abi-Allebrodt.jpeg\"\n               title=\"\"\n               data-src=\"http:\/\/abi.allebrodt.net\/wp-content\/gallery\/37-jahre-abi-wandern-und-party-03-06-2023\/IMG_0318-Abi-Allebrodt.jpeg\"\n               data-thumbnail=\"http:\/\/abi.allebrodt.net\/wp-content\/gallery\/37-jahre-abi-wandern-und-party-03-06-2023\/thumbs\/thumbs_IMG_0318-Abi-Allebrodt.jpeg\"\n               data-image-id=\"469\"\n               data-title=\"IMG_0318-Abi-Allebrodt\"\n               data-description=\"\"\n               data-image-slug=\"img_0318-abi-allebrodt\"\n               class=\"ngg-fancybox\" rel=\"c6cc19dce30a84b96c91bbd35e256df1\">\n                <img\n                    title=\"IMG_0318-Abi-Allebrodt\"\n                    alt=\"IMG_0318-Abi-Allebrodt\"\n                    src=\"http:\/\/abi.allebrodt.net\/wp-content\/gallery\/37-jahre-abi-wandern-und-party-03-06-2023\/thumbs\/thumbs_IMG_0318-Abi-Allebrodt.jpeg\"\n                    width=\"100\"\n                    height=\"75\"\n                    style=\"max-width:100%;\"\n                \/>\n            <\/a>\n        <\/div>\n\t\t\t\t\t\t\t<\/div> \n\t\t\t\n        \n\t\t\t\t<div id=\"ngg-image-53\" class=\"ngg-gallery-thumbnail-box\" >\n\t\t\t\t        <div class=\"ngg-gallery-thumbnail\">\n            <a href=\"http:\/\/abi.allebrodt.net\/wp-content\/gallery\/37-jahre-abi-wandern-und-party-03-06-2023\/IMG_0319-Abi-Allebrodt.jpeg\"\n               title=\"\"\n               data-src=\"http:\/\/abi.allebrodt.net\/wp-content\/gallery\/37-jahre-abi-wandern-und-party-03-06-2023\/IMG_0319-Abi-Allebrodt.jpeg\"\n               data-thumbnail=\"http:\/\/abi.allebrodt.net\/wp-content\/gallery\/37-jahre-abi-wandern-und-party-03-06-2023\/thumbs\/thumbs_IMG_0319-Abi-Allebrodt.jpeg\"\n               data-image-id=\"470\"\n               data-title=\"IMG_0319-Abi-Allebrodt\"\n               data-description=\"\"\n               data-image-slug=\"img_0319-abi-allebrodt\"\n               class=\"ngg-fancybox\" rel=\"c6cc19dce30a84b96c91bbd35e256df1\">\n                <img\n                    title=\"IMG_0319-Abi-Allebrodt\"\n                    alt=\"IMG_0319-Abi-Allebrodt\"\n                    src=\"http:\/\/abi.allebrodt.net\/wp-content\/gallery\/37-jahre-abi-wandern-und-party-03-06-2023\/thumbs\/thumbs_IMG_0319-Abi-Allebrodt.jpeg\"\n                    width=\"100\"\n                    height=\"75\"\n                    style=\"max-width:100%;\"\n                \/>\n            <\/a>\n        <\/div>\n\t\t\t\t\t\t\t<\/div> \n\t\t\t\n        \n\t\t\t\t<div id=\"ngg-image-54\" class=\"ngg-gallery-thumbnail-box\" >\n\t\t\t\t        <div class=\"ngg-gallery-thumbnail\">\n            <a href=\"http:\/\/abi.allebrodt.net\/wp-content\/gallery\/37-jahre-abi-wandern-und-party-03-06-2023\/IMG_0320-Abi-Allebrodt.jpeg\"\n               title=\"\"\n               data-src=\"http:\/\/abi.allebrodt.net\/wp-content\/gallery\/37-jahre-abi-wandern-und-party-03-06-2023\/IMG_0320-Abi-Allebrodt.jpeg\"\n               data-thumbnail=\"http:\/\/abi.allebrodt.net\/wp-content\/gallery\/37-jahre-abi-wandern-und-party-03-06-2023\/thumbs\/thumbs_IMG_0320-Abi-Allebrodt.jpeg\"\n               data-image-id=\"471\"\n               data-title=\"IMG_0320-Abi-Allebrodt\"\n               data-description=\"\"\n               data-image-slug=\"img_0320-abi-allebrodt\"\n               class=\"ngg-fancybox\" rel=\"c6cc19dce30a84b96c91bbd35e256df1\">\n                <img\n                    title=\"IMG_0320-Abi-Allebrodt\"\n                    alt=\"IMG_0320-Abi-Allebrodt\"\n                    src=\"http:\/\/abi.allebrodt.net\/wp-content\/gallery\/37-jahre-abi-wandern-und-party-03-06-2023\/thumbs\/thumbs_IMG_0320-Abi-Allebrodt.jpeg\"\n                    width=\"100\"\n                    height=\"75\"\n                    style=\"max-width:100%;\"\n                \/>\n            <\/a>\n        <\/div>\n\t\t\t\t\t\t\t<\/div> \n\t\t\t\n        \n\t\t\t\t<div id=\"ngg-image-55\" class=\"ngg-gallery-thumbnail-box\" >\n\t\t\t\t        <div class=\"ngg-gallery-thumbnail\">\n            <a href=\"http:\/\/abi.allebrodt.net\/wp-content\/gallery\/37-jahre-abi-wandern-und-party-03-06-2023\/IMG_0322-Abi-Allebrodt.jpeg\"\n               title=\"\"\n               data-src=\"http:\/\/abi.allebrodt.net\/wp-content\/gallery\/37-jahre-abi-wandern-und-party-03-06-2023\/IMG_0322-Abi-Allebrodt.jpeg\"\n               data-thumbnail=\"http:\/\/abi.allebrodt.net\/wp-content\/gallery\/37-jahre-abi-wandern-und-party-03-06-2023\/thumbs\/thumbs_IMG_0322-Abi-Allebrodt.jpeg\"\n               data-image-id=\"472\"\n               data-title=\"IMG_0322-Abi-Allebrodt\"\n               data-description=\"\"\n               data-image-slug=\"img_0322-abi-allebrodt\"\n               class=\"ngg-fancybox\" rel=\"c6cc19dce30a84b96c91bbd35e256df1\">\n                <img\n                    title=\"IMG_0322-Abi-Allebrodt\"\n                    alt=\"IMG_0322-Abi-Allebrodt\"\n                    src=\"http:\/\/abi.allebrodt.net\/wp-content\/gallery\/37-jahre-abi-wandern-und-party-03-06-2023\/thumbs\/thumbs_IMG_0322-Abi-Allebrodt.jpeg\"\n                    width=\"100\"\n                    height=\"75\"\n                    style=\"max-width:100%;\"\n                \/>\n            <\/a>\n        <\/div>\n\t\t\t\t\t\t\t<\/div> \n\t\t\t\n        \n\t\t\t\t<div id=\"ngg-image-56\" class=\"ngg-gallery-thumbnail-box\" >\n\t\t\t\t        <div class=\"ngg-gallery-thumbnail\">\n            <a href=\"http:\/\/abi.allebrodt.net\/wp-content\/gallery\/37-jahre-abi-wandern-und-party-03-06-2023\/IMG_0321-Abi-Allebrodt.jpeg\"\n               title=\"\"\n               data-src=\"http:\/\/abi.allebrodt.net\/wp-content\/gallery\/37-jahre-abi-wandern-und-party-03-06-2023\/IMG_0321-Abi-Allebrodt.jpeg\"\n               data-thumbnail=\"http:\/\/abi.allebrodt.net\/wp-content\/gallery\/37-jahre-abi-wandern-und-party-03-06-2023\/thumbs\/thumbs_IMG_0321-Abi-Allebrodt.jpeg\"\n               data-image-id=\"473\"\n               data-title=\"IMG_0321-Abi-Allebrodt\"\n               data-description=\"\"\n               data-image-slug=\"img_0321-abi-allebrodt\"\n               class=\"ngg-fancybox\" rel=\"c6cc19dce30a84b96c91bbd35e256df1\">\n                <img\n                    title=\"IMG_0321-Abi-Allebrodt\"\n                    alt=\"IMG_0321-Abi-Allebrodt\"\n                    src=\"http:\/\/abi.allebrodt.net\/wp-content\/gallery\/37-jahre-abi-wandern-und-party-03-06-2023\/thumbs\/thumbs_IMG_0321-Abi-Allebrodt.jpeg\"\n                    width=\"100\"\n                    height=\"75\"\n                    style=\"max-width:100%;\"\n                \/>\n            <\/a>\n        <\/div>\n\t\t\t\t\t\t\t<\/div> \n\t\t\t\n        \n\t\t\t\t<div id=\"ngg-image-57\" class=\"ngg-gallery-thumbnail-box\" >\n\t\t\t\t        <div class=\"ngg-gallery-thumbnail\">\n            <a href=\"http:\/\/abi.allebrodt.net\/wp-content\/gallery\/37-jahre-abi-wandern-und-party-03-06-2023\/IMG_0323-Abi-Allebrodt.jpeg\"\n               title=\"\"\n               data-src=\"http:\/\/abi.allebrodt.net\/wp-content\/gallery\/37-jahre-abi-wandern-und-party-03-06-2023\/IMG_0323-Abi-Allebrodt.jpeg\"\n               data-thumbnail=\"http:\/\/abi.allebrodt.net\/wp-content\/gallery\/37-jahre-abi-wandern-und-party-03-06-2023\/thumbs\/thumbs_IMG_0323-Abi-Allebrodt.jpeg\"\n               data-image-id=\"474\"\n               data-title=\"IMG_0323-Abi-Allebrodt\"\n               data-description=\"\"\n               data-image-slug=\"img_0323-abi-allebrodt\"\n               class=\"ngg-fancybox\" rel=\"c6cc19dce30a84b96c91bbd35e256df1\">\n                <img\n                    title=\"IMG_0323-Abi-Allebrodt\"\n                    alt=\"IMG_0323-Abi-Allebrodt\"\n                    src=\"http:\/\/abi.allebrodt.net\/wp-content\/gallery\/37-jahre-abi-wandern-und-party-03-06-2023\/thumbs\/thumbs_IMG_0323-Abi-Allebrodt.jpeg\"\n                    width=\"100\"\n                    height=\"75\"\n                    style=\"max-width:100%;\"\n                \/>\n            <\/a>\n        <\/div>\n\t\t\t\t\t\t\t<\/div> \n\t\t\t\n        \n\t\t\t\t<div id=\"ngg-image-58\" class=\"ngg-gallery-thumbnail-box\" >\n\t\t\t\t        <div class=\"ngg-gallery-thumbnail\">\n            <a href=\"http:\/\/abi.allebrodt.net\/wp-content\/gallery\/37-jahre-abi-wandern-und-party-03-06-2023\/IMG_0324-Abi-Allebrodt.jpeg\"\n               title=\"\"\n               data-src=\"http:\/\/abi.allebrodt.net\/wp-content\/gallery\/37-jahre-abi-wandern-und-party-03-06-2023\/IMG_0324-Abi-Allebrodt.jpeg\"\n               data-thumbnail=\"http:\/\/abi.allebrodt.net\/wp-content\/gallery\/37-jahre-abi-wandern-und-party-03-06-2023\/thumbs\/thumbs_IMG_0324-Abi-Allebrodt.jpeg\"\n               data-image-id=\"475\"\n               data-title=\"IMG_0324-Abi-Allebrodt\"\n               data-description=\"\"\n               data-image-slug=\"img_0324-abi-allebrodt\"\n               class=\"ngg-fancybox\" rel=\"c6cc19dce30a84b96c91bbd35e256df1\">\n                <img\n                    title=\"IMG_0324-Abi-Allebrodt\"\n                    alt=\"IMG_0324-Abi-Allebrodt\"\n                    src=\"http:\/\/abi.allebrodt.net\/wp-content\/gallery\/37-jahre-abi-wandern-und-party-03-06-2023\/thumbs\/thumbs_IMG_0324-Abi-Allebrodt.jpeg\"\n                    width=\"100\"\n                    height=\"75\"\n                    style=\"max-width:100%;\"\n                \/>\n            <\/a>\n        <\/div>\n\t\t\t\t\t\t\t<\/div> \n\t\t\t\n        \n\t\t\t\t<div id=\"ngg-image-59\" class=\"ngg-gallery-thumbnail-box\" >\n\t\t\t\t        <div class=\"ngg-gallery-thumbnail\">\n            <a href=\"http:\/\/abi.allebrodt.net\/wp-content\/gallery\/37-jahre-abi-wandern-und-party-03-06-2023\/IMG_0789-Anja-R.jpeg\"\n               title=\"\"\n               data-src=\"http:\/\/abi.allebrodt.net\/wp-content\/gallery\/37-jahre-abi-wandern-und-party-03-06-2023\/IMG_0789-Anja-R.jpeg\"\n               data-thumbnail=\"http:\/\/abi.allebrodt.net\/wp-content\/gallery\/37-jahre-abi-wandern-und-party-03-06-2023\/thumbs\/thumbs_IMG_0789-Anja-R.jpeg\"\n               data-image-id=\"491\"\n               data-title=\"IMG_0789-Anja-R\"\n               data-description=\"\"\n               data-image-slug=\"img_0789-anja-r\"\n               class=\"ngg-fancybox\" rel=\"c6cc19dce30a84b96c91bbd35e256df1\">\n                <img\n                    title=\"IMG_0789-Anja-R\"\n                    alt=\"IMG_0789-Anja-R\"\n                    src=\"http:\/\/abi.allebrodt.net\/wp-content\/gallery\/37-jahre-abi-wandern-und-party-03-06-2023\/thumbs\/thumbs_IMG_0789-Anja-R.jpeg\"\n                    width=\"100\"\n                    height=\"75\"\n                    style=\"max-width:100%;\"\n                \/>\n            <\/a>\n        <\/div>\n\t\t\t\t\t\t\t<\/div> \n\t\t\t\n        \n\t\t\t\t<div id=\"ngg-image-60\" class=\"ngg-gallery-thumbnail-box\" >\n\t\t\t\t        <div class=\"ngg-gallery-thumbnail\">\n            <a href=\"http:\/\/abi.allebrodt.net\/wp-content\/gallery\/37-jahre-abi-wandern-und-party-03-06-2023\/IMG_0790-Anja-R.jpeg\"\n               title=\"\"\n               data-src=\"http:\/\/abi.allebrodt.net\/wp-content\/gallery\/37-jahre-abi-wandern-und-party-03-06-2023\/IMG_0790-Anja-R.jpeg\"\n               data-thumbnail=\"http:\/\/abi.allebrodt.net\/wp-content\/gallery\/37-jahre-abi-wandern-und-party-03-06-2023\/thumbs\/thumbs_IMG_0790-Anja-R.jpeg\"\n               data-image-id=\"492\"\n               data-title=\"IMG_0790-Anja-R\"\n               data-description=\"\"\n               data-image-slug=\"img_0790-anja-r\"\n               class=\"ngg-fancybox\" rel=\"c6cc19dce30a84b96c91bbd35e256df1\">\n                <img\n                    title=\"IMG_0790-Anja-R\"\n                    alt=\"IMG_0790-Anja-R\"\n                    src=\"http:\/\/abi.allebrodt.net\/wp-content\/gallery\/37-jahre-abi-wandern-und-party-03-06-2023\/thumbs\/thumbs_IMG_0790-Anja-R.jpeg\"\n                    width=\"100\"\n                    height=\"75\"\n                    style=\"max-width:100%;\"\n                \/>\n            <\/a>\n        <\/div>\n\t\t\t\t\t\t\t<\/div> \n\t\t\t\n        \n\t\t\t\t<div id=\"ngg-image-61\" class=\"ngg-gallery-thumbnail-box\" >\n\t\t\t\t        <div class=\"ngg-gallery-thumbnail\">\n            <a href=\"http:\/\/abi.allebrodt.net\/wp-content\/gallery\/37-jahre-abi-wandern-und-party-03-06-2023\/IMG_0791-Anja-R.jpeg\"\n               title=\"\"\n               data-src=\"http:\/\/abi.allebrodt.net\/wp-content\/gallery\/37-jahre-abi-wandern-und-party-03-06-2023\/IMG_0791-Anja-R.jpeg\"\n               data-thumbnail=\"http:\/\/abi.allebrodt.net\/wp-content\/gallery\/37-jahre-abi-wandern-und-party-03-06-2023\/thumbs\/thumbs_IMG_0791-Anja-R.jpeg\"\n               data-image-id=\"493\"\n               data-title=\"IMG_0791-Anja-R\"\n               data-description=\"\"\n               data-image-slug=\"img_0791-anja-r\"\n               class=\"ngg-fancybox\" rel=\"c6cc19dce30a84b96c91bbd35e256df1\">\n                <img\n                    title=\"IMG_0791-Anja-R\"\n                    alt=\"IMG_0791-Anja-R\"\n                    src=\"http:\/\/abi.allebrodt.net\/wp-content\/gallery\/37-jahre-abi-wandern-und-party-03-06-2023\/thumbs\/thumbs_IMG_0791-Anja-R.jpeg\"\n                    width=\"100\"\n                    height=\"75\"\n                    style=\"max-width:100%;\"\n                \/>\n            <\/a>\n        <\/div>\n\t\t\t\t\t\t\t<\/div> \n\t\t\t\n        \n\t\t\t\t<div id=\"ngg-image-62\" class=\"ngg-gallery-thumbnail-box\" >\n\t\t\t\t        <div class=\"ngg-gallery-thumbnail\">\n            <a href=\"http:\/\/abi.allebrodt.net\/wp-content\/gallery\/37-jahre-abi-wandern-und-party-03-06-2023\/IMG_0794-Anja-R.jpeg\"\n               title=\"\"\n               data-src=\"http:\/\/abi.allebrodt.net\/wp-content\/gallery\/37-jahre-abi-wandern-und-party-03-06-2023\/IMG_0794-Anja-R.jpeg\"\n               data-thumbnail=\"http:\/\/abi.allebrodt.net\/wp-content\/gallery\/37-jahre-abi-wandern-und-party-03-06-2023\/thumbs\/thumbs_IMG_0794-Anja-R.jpeg\"\n               data-image-id=\"494\"\n               data-title=\"IMG_0794-Anja-R\"\n               data-description=\"\"\n               data-image-slug=\"img_0794-anja-r\"\n               class=\"ngg-fancybox\" rel=\"c6cc19dce30a84b96c91bbd35e256df1\">\n                <img\n                    title=\"IMG_0794-Anja-R\"\n                    alt=\"IMG_0794-Anja-R\"\n                    src=\"http:\/\/abi.allebrodt.net\/wp-content\/gallery\/37-jahre-abi-wandern-und-party-03-06-2023\/thumbs\/thumbs_IMG_0794-Anja-R.jpeg\"\n                    width=\"100\"\n                    height=\"75\"\n                    style=\"max-width:100%;\"\n                \/>\n            <\/a>\n        <\/div>\n\t\t\t\t\t\t\t<\/div> \n\t\t\t\n        \n\t\t\t\t<div id=\"ngg-image-63\" class=\"ngg-gallery-thumbnail-box\" >\n\t\t\t\t        <div class=\"ngg-gallery-thumbnail\">\n            <a href=\"http:\/\/abi.allebrodt.net\/wp-content\/gallery\/37-jahre-abi-wandern-und-party-03-06-2023\/IMG_0792-Anja-R.jpeg\"\n               title=\"\"\n               data-src=\"http:\/\/abi.allebrodt.net\/wp-content\/gallery\/37-jahre-abi-wandern-und-party-03-06-2023\/IMG_0792-Anja-R.jpeg\"\n               data-thumbnail=\"http:\/\/abi.allebrodt.net\/wp-content\/gallery\/37-jahre-abi-wandern-und-party-03-06-2023\/thumbs\/thumbs_IMG_0792-Anja-R.jpeg\"\n               data-image-id=\"495\"\n               data-title=\"IMG_0792-Anja-R\"\n               data-description=\"\"\n               data-image-slug=\"img_0792-anja-r\"\n               class=\"ngg-fancybox\" rel=\"c6cc19dce30a84b96c91bbd35e256df1\">\n                <img\n                    title=\"IMG_0792-Anja-R\"\n                    alt=\"IMG_0792-Anja-R\"\n                    src=\"http:\/\/abi.allebrodt.net\/wp-content\/gallery\/37-jahre-abi-wandern-und-party-03-06-2023\/thumbs\/thumbs_IMG_0792-Anja-R.jpeg\"\n                    width=\"100\"\n                    height=\"75\"\n                    style=\"max-width:100%;\"\n                \/>\n            <\/a>\n        <\/div>\n\t\t\t\t\t\t\t<\/div> \n\t\t\t\n        \n\t\t\t\t<div id=\"ngg-image-64\" class=\"ngg-gallery-thumbnail-box\" >\n\t\t\t\t        <div class=\"ngg-gallery-thumbnail\">\n            <a href=\"http:\/\/abi.allebrodt.net\/wp-content\/gallery\/37-jahre-abi-wandern-und-party-03-06-2023\/IMG_0793-Anja-R.jpeg\"\n               title=\"\"\n               data-src=\"http:\/\/abi.allebrodt.net\/wp-content\/gallery\/37-jahre-abi-wandern-und-party-03-06-2023\/IMG_0793-Anja-R.jpeg\"\n               data-thumbnail=\"http:\/\/abi.allebrodt.net\/wp-content\/gallery\/37-jahre-abi-wandern-und-party-03-06-2023\/thumbs\/thumbs_IMG_0793-Anja-R.jpeg\"\n               data-image-id=\"496\"\n               data-title=\"IMG_0793-Anja-R\"\n               data-description=\"\"\n               data-image-slug=\"img_0793-anja-r\"\n               class=\"ngg-fancybox\" rel=\"c6cc19dce30a84b96c91bbd35e256df1\">\n                <img\n                    title=\"IMG_0793-Anja-R\"\n                    alt=\"IMG_0793-Anja-R\"\n                    src=\"http:\/\/abi.allebrodt.net\/wp-content\/gallery\/37-jahre-abi-wandern-und-party-03-06-2023\/thumbs\/thumbs_IMG_0793-Anja-R.jpeg\"\n                    width=\"100\"\n                    height=\"75\"\n                    style=\"max-width:100%;\"\n                \/>\n            <\/a>\n        <\/div>\n\t\t\t\t\t\t\t<\/div> \n\t\t\t\n        \n\t\t\t\t<div id=\"ngg-image-65\" class=\"ngg-gallery-thumbnail-box\" >\n\t\t\t\t        <div class=\"ngg-gallery-thumbnail\">\n            <a href=\"http:\/\/abi.allebrodt.net\/wp-content\/gallery\/37-jahre-abi-wandern-und-party-03-06-2023\/IMG_4585-Dirk-Bertling.jpg\"\n               title=\"\"\n               data-src=\"http:\/\/abi.allebrodt.net\/wp-content\/gallery\/37-jahre-abi-wandern-und-party-03-06-2023\/IMG_4585-Dirk-Bertling.jpg\"\n               data-thumbnail=\"http:\/\/abi.allebrodt.net\/wp-content\/gallery\/37-jahre-abi-wandern-und-party-03-06-2023\/thumbs\/thumbs_IMG_4585-Dirk-Bertling.jpg\"\n               data-image-id=\"497\"\n               data-title=\"IMG_4585-Dirk-Bertling\"\n               data-description=\"\"\n               data-image-slug=\"img_4585-dirk-bertling\"\n               class=\"ngg-fancybox\" rel=\"c6cc19dce30a84b96c91bbd35e256df1\">\n                <img\n                    title=\"IMG_4585-Dirk-Bertling\"\n                    alt=\"IMG_4585-Dirk-Bertling\"\n                    src=\"http:\/\/abi.allebrodt.net\/wp-content\/gallery\/37-jahre-abi-wandern-und-party-03-06-2023\/thumbs\/thumbs_IMG_4585-Dirk-Bertling.jpg\"\n                    width=\"100\"\n                    height=\"75\"\n                    style=\"max-width:100%;\"\n                \/>\n            <\/a>\n        <\/div>\n\t\t\t\t\t\t\t<\/div> \n\t\t\t\n        \n\t\t\t\t<div id=\"ngg-image-66\" class=\"ngg-gallery-thumbnail-box\" >\n\t\t\t\t        <div class=\"ngg-gallery-thumbnail\">\n            <a href=\"http:\/\/abi.allebrodt.net\/wp-content\/gallery\/37-jahre-abi-wandern-und-party-03-06-2023\/IMG_4580-Dirk-Bertling.jpg\"\n               title=\"\"\n               data-src=\"http:\/\/abi.allebrodt.net\/wp-content\/gallery\/37-jahre-abi-wandern-und-party-03-06-2023\/IMG_4580-Dirk-Bertling.jpg\"\n               data-thumbnail=\"http:\/\/abi.allebrodt.net\/wp-content\/gallery\/37-jahre-abi-wandern-und-party-03-06-2023\/thumbs\/thumbs_IMG_4580-Dirk-Bertling.jpg\"\n               data-image-id=\"498\"\n               data-title=\"IMG_4580-Dirk-Bertling\"\n               data-description=\"\"\n               data-image-slug=\"img_4580-dirk-bertling\"\n               class=\"ngg-fancybox\" rel=\"c6cc19dce30a84b96c91bbd35e256df1\">\n                <img\n                    title=\"IMG_4580-Dirk-Bertling\"\n                    alt=\"IMG_4580-Dirk-Bertling\"\n                    src=\"http:\/\/abi.allebrodt.net\/wp-content\/gallery\/37-jahre-abi-wandern-und-party-03-06-2023\/thumbs\/thumbs_IMG_4580-Dirk-Bertling.jpg\"\n                    width=\"100\"\n                    height=\"75\"\n                    style=\"max-width:100%;\"\n                \/>\n            <\/a>\n        <\/div>\n\t\t\t\t\t\t\t<\/div> \n\t\t\t\n        \n\t\t\t\t<div id=\"ngg-image-67\" class=\"ngg-gallery-thumbnail-box\" >\n\t\t\t\t        <div class=\"ngg-gallery-thumbnail\">\n            <a href=\"http:\/\/abi.allebrodt.net\/wp-content\/gallery\/37-jahre-abi-wandern-und-party-03-06-2023\/IMG_4588-Dirk-Bertling.jpg\"\n               title=\"\"\n               data-src=\"http:\/\/abi.allebrodt.net\/wp-content\/gallery\/37-jahre-abi-wandern-und-party-03-06-2023\/IMG_4588-Dirk-Bertling.jpg\"\n               data-thumbnail=\"http:\/\/abi.allebrodt.net\/wp-content\/gallery\/37-jahre-abi-wandern-und-party-03-06-2023\/thumbs\/thumbs_IMG_4588-Dirk-Bertling.jpg\"\n               data-image-id=\"499\"\n               data-title=\"IMG_4588-Dirk-Bertling\"\n               data-description=\"\"\n               data-image-slug=\"img_4588-dirk-bertling\"\n               class=\"ngg-fancybox\" rel=\"c6cc19dce30a84b96c91bbd35e256df1\">\n                <img\n                    title=\"IMG_4588-Dirk-Bertling\"\n                    alt=\"IMG_4588-Dirk-Bertling\"\n                    src=\"http:\/\/abi.allebrodt.net\/wp-content\/gallery\/37-jahre-abi-wandern-und-party-03-06-2023\/thumbs\/thumbs_IMG_4588-Dirk-Bertling.jpg\"\n                    width=\"100\"\n                    height=\"75\"\n                    style=\"max-width:100%;\"\n                \/>\n            <\/a>\n        <\/div>\n\t\t\t\t\t\t\t<\/div> \n\t\t\t\n        \n\t\t\n\t\t<div class=\"ngg-clear\"><\/div>\n\t<\/div>\n\n","protected":false},"excerpt":{"rendered":"","protected":false},"author":1,"featured_media":0,"parent":14,"menu_order":6,"comment_status":"closed","ping_status":"closed","template":"","meta":{"ngg_post_thumbnail":0,"jetpack_post_was_ever_published":false},"jetpack_sharing_enabled":true,"jetpack_shortlink":"https:\/\/wp.me\/P6YdrU-8P","jetpack-related-posts":[{"id":14,"url":"http:\/\/abi.allebrodt.net\/index.php\/gallerie\/","url_meta":{"origin":547,"position":0},"title":"Galerie","date":"7. Dezember 2010","format":false,"excerpt":"Bilder vom 37sten Jubil\u00e4um am 03.06.2023 (Wandern und Party) Bilder vom 30sten Jubil\u00e4um am 10.09.2016 mit Wanderung und Einkehr im Waldenburger Hafen Bilder vom 25sten Jubil\u00e4um am 08.10.2011 im \"Hotel zur Post\", Attendorn Bilder vom 20sten Jubil\u00e4um am 16.09.2006 im \"Himmelreich\", Attendorn Historische Fotodokumente","rel":"","context":"Mit 1 Kommentar","img":{"alt_text":"","src":"","width":0,"height":0},"classes":[]},{"id":433,"url":"http:\/\/abi.allebrodt.net\/index.php\/gallerie\/30-jahre-abi-wandern-und-feiern\/","url_meta":{"origin":547,"position":1},"title":"30 Jahre Abi&#8230; Wandern und Feiern","date":"19. September 2016","format":false,"excerpt":"","rel":"","context":"\u00c4hnlicher Beitrag","img":{"alt_text":"","src":"","width":0,"height":0},"classes":[]},{"id":2,"url":"http:\/\/abi.allebrodt.net\/index.php\/gallerie\/eine-seite\/","url_meta":{"origin":547,"position":2},"title":"20 Jahre Abi &#8211; 16.09.2006","date":"7. Dezember 2010","format":false,"excerpt":"Am 16. September 2006 haben wir unser 20j\u00e4hriges Abi gefeiert. Hier sind die Foto-Dokumente:","rel":"","context":"Mit 1 Kommentar","img":{"alt_text":"","src":"","width":0,"height":0},"classes":[]},{"id":207,"url":"http:\/\/abi.allebrodt.net\/index.php\/gallerie\/fette-86-25jahriges-jubilaum-am-8-oktober-2011\/","url_meta":{"origin":547,"position":3},"title":"Fet(t)e 86 &#8211; 25j\u00e4hriges Jubil\u00e4um am 8. Oktober 2011","date":"21. Oktober 2011","format":false,"excerpt":"Am 08. Oktober 2011 haben wir unser 25j\u00e4hriges Abi z\u00fcnftig mit B\u00e4umchensetzen und Joker begangen. Hier sind die Foto-Dokumente: Link zum Album von Stefan","rel":"","context":"Mit 1 Kommentar","img":{"alt_text":"","src":"","width":0,"height":0},"classes":[]},{"id":78,"url":"http:\/\/abi.allebrodt.net\/index.php\/aktuelles\/vermisstenanzeigen\/","url_meta":{"origin":547,"position":4},"title":"Vermisstenanzeigen\u2026","date":"10. Dezember 2010","format":false,"excerpt":"In meinem mail-Verteiler, der mittlerweile etwas in die Jahre gekommen ist, gibt es einige Adressen, die leider nur noch Fehler zur\u00fcckmelden. Vielleicht kann jemand helfen und die aktuellen Adressen mitteilen? Einfach ne kurze Mitteilung an meine mail-Adresse... Nach meinem gestrigen \"Update\" sind ein paar falsche Adressen korrigiert worden, daf\u00fcr sind\u2026","rel":"","context":"Mit 1 Kommentar","img":{"alt_text":"","src":"","width":0,"height":0},"classes":[]},{"id":58,"url":"http:\/\/abi.allebrodt.net\/index.php\/newsletter\/","url_meta":{"origin":547,"position":5},"title":"Newsletter","date":"10. Dezember 2010","format":false,"excerpt":"","rel":"","context":"\u00c4hnlicher Beitrag","img":{"alt_text":"","src":"","width":0,"height":0},"classes":[]}],"_links":{"self":[{"href":"http:\/\/abi.allebrodt.net\/index.php\/wp-json\/wp\/v2\/pages\/547"}],"collection":[{"href":"http:\/\/abi.allebrodt.net\/index.php\/wp-json\/wp\/v2\/pages"}],"about":[{"href":"http:\/\/abi.allebrodt.net\/index.php\/wp-json\/wp\/v2\/types\/page"}],"author":[{"embeddable":true,"href":"http:\/\/abi.allebrodt.net\/index.php\/wp-json\/wp\/v2\/users\/1"}],"replies":[{"embeddable":true,"href":"http:\/\/abi.allebrodt.net\/index.php\/wp-json\/wp\/v2\/comments?post=547"}],"version-history":[{"count":1,"href":"http:\/\/abi.allebrodt.net\/index.php\/wp-json\/wp\/v2\/pages\/547\/revisions"}],"predecessor-version":[{"id":551,"href":"http:\/\/abi.allebrodt.net\/index.php\/wp-json\/wp\/v2\/pages\/547\/revisions\/551"}],"up":[{"embeddable":true,"href":"http:\/\/abi.allebrodt.net\/index.php\/wp-json\/wp\/v2\/pages\/14"}],"wp:attachment":[{"href":"http:\/\/abi.allebrodt.net\/index.php\/wp-json\/wp\/v2\/media?parent=547"}],"curies":[{"name":"wp","href":"https:\/\/api.w.org\/{rel}","templated":true}]}}