{"id":78,"date":"2010-12-10T21:58:04","date_gmt":"2010-12-10T20:58:04","guid":{"rendered":"http:\/\/abi.allebrodt.net\/index.php\/"},"modified":"2011-06-29T09:38:45","modified_gmt":"2011-06-29T07:38:45","slug":"vermisstenanzeigen","status":"publish","type":"page","link":"http:\/\/abi.allebrodt.net\/index.php\/aktuelles\/vermisstenanzeigen\/","title":{"rendered":"Vermisstenanzeigen\u2026"},"content":{"rendered":"<p>In meinem mail-Verteiler, der mittlerweile etwas in die Jahre gekommen ist, gibt es einige Adressen, die leider nur noch Fehler zur\u00fcckmelden. Vielleicht kann jemand helfen und die aktuellen Adressen mitteilen? Einfach ne kurze Mitteilung an <a href=\"mailto:frank@allebrodt.net\">meine mail-Adresse<\/a>&#8230;<\/p>\n<p>Nach meinem gestrigen &#8222;Update&#8220; sind ein paar falsche Adressen korrigiert worden, daf\u00fcr sind aber wieder neue Fehlermeldungen dazu gekommen.<\/p>\n<p>Also, hier die Aufstellung der aktuellen &#8222;Fehlerkandidaten&#8220;:<\/p>\n<ul>\n<li><a href=\"mailto:h-p@freiradler.de\">h-p@freiradler.de<\/a>\u00a0&#8211;\u00a0(Hans-Peter Jagusch)<\/li>\n<li><a href=\"mailto:mgnessel@gmx.de\">mgnessel@gmx.de<\/a>\u00a0&#8211; (Martina Nessel (geb. Schmale))<\/li>\n<li><a href=\"mailto:muehle86@aol.com\">muehle86@aol.com<\/a> &#8211; (Kordula Keseberg (geb. Klein))<\/li>\n<\/ul>\n<p>Auf Wunsch kann ich diese Seite &#8211; weil Namen genannt werden &#8211; auch hinter einem Passwort verstecken&#8230;<\/p>\n","protected":false},"excerpt":{"rendered":"<p>In meinem mail-Verteiler, der mittlerweile etwas in die Jahre gekommen ist, gibt es einige Adressen, die leider nur noch Fehler zur\u00fcckmelden. Vielleicht kann jemand helfen und die aktuellen Adressen mitteilen? Einfach ne kurze Mitteilung an meine mail-Adresse&#8230; Nach meinem gestrigen &hellip; <a href=\"http:\/\/abi.allebrodt.net\/index.php\/aktuelles\/vermisstenanzeigen\/\">Weiterlesen <span class=\"meta-nav\">&rarr;<\/span><\/a><\/p>\n","protected":false},"author":3,"featured_media":0,"parent":75,"menu_order":0,"comment_status":"open","ping_status":"closed","template":"","meta":{"ngg_post_thumbnail":0,"jetpack_post_was_ever_published":false},"jetpack_sharing_enabled":true,"jetpack_shortlink":"https:\/\/wp.me\/P6YdrU-1g","jetpack-related-posts":[{"id":75,"url":"http:\/\/abi.allebrodt.net\/index.php\/aktuelles\/","url_meta":{"origin":78,"position":0},"title":"Aktuelles","date":"10. Dezember 2010","format":false,"excerpt":"Was geht gerade ab? Zum Beispiel Fehler in mail-Adressen","rel":"","context":"\u00c4hnlicher Beitrag","img":{"alt_text":"","src":"","width":0,"height":0},"classes":[]},{"id":2,"url":"http:\/\/abi.allebrodt.net\/index.php\/gallerie\/eine-seite\/","url_meta":{"origin":78,"position":1},"title":"20 Jahre Abi &#8211; 16.09.2006","date":"7. Dezember 2010","format":false,"excerpt":"Am 16. September 2006 haben wir unser 20j\u00e4hriges Abi gefeiert. Hier sind die Foto-Dokumente:","rel":"","context":"Mit 1 Kommentar","img":{"alt_text":"","src":"","width":0,"height":0},"classes":[]},{"id":207,"url":"http:\/\/abi.allebrodt.net\/index.php\/gallerie\/fette-86-25jahriges-jubilaum-am-8-oktober-2011\/","url_meta":{"origin":78,"position":2},"title":"Fet(t)e 86 &#8211; 25j\u00e4hriges Jubil\u00e4um am 8. Oktober 2011","date":"21. Oktober 2011","format":false,"excerpt":"Am 08. Oktober 2011 haben wir unser 25j\u00e4hriges Abi z\u00fcnftig mit B\u00e4umchensetzen und Joker begangen. Hier sind die Foto-Dokumente: Link zum Album von Stefan","rel":"","context":"Mit 1 Kommentar","img":{"alt_text":"","src":"","width":0,"height":0},"classes":[]},{"id":14,"url":"http:\/\/abi.allebrodt.net\/index.php\/gallerie\/","url_meta":{"origin":78,"position":3},"title":"Galerie","date":"7. Dezember 2010","format":false,"excerpt":"Bilder vom 37sten Jubil\u00e4um am 03.06.2023 (Wandern und Party) Bilder vom 30sten Jubil\u00e4um am 10.09.2016 mit Wanderung und Einkehr im Waldenburger Hafen Bilder vom 25sten Jubil\u00e4um am 08.10.2011 im \"Hotel zur Post\", Attendorn Bilder vom 20sten Jubil\u00e4um am 16.09.2006 im \"Himmelreich\", Attendorn Historische Fotodokumente","rel":"","context":"Mit 1 Kommentar","img":{"alt_text":"","src":"","width":0,"height":0},"classes":[]}],"_links":{"self":[{"href":"http:\/\/abi.allebrodt.net\/index.php\/wp-json\/wp\/v2\/pages\/78"}],"collection":[{"href":"http:\/\/abi.allebrodt.net\/index.php\/wp-json\/wp\/v2\/pages"}],"about":[{"href":"http:\/\/abi.allebrodt.net\/index.php\/wp-json\/wp\/v2\/types\/page"}],"author":[{"embeddable":true,"href":"http:\/\/abi.allebrodt.net\/index.php\/wp-json\/wp\/v2\/users\/3"}],"replies":[{"embeddable":true,"href":"http:\/\/abi.allebrodt.net\/index.php\/wp-json\/wp\/v2\/comments?post=78"}],"version-history":[{"count":10,"href":"http:\/\/abi.allebrodt.net\/index.php\/wp-json\/wp\/v2\/pages\/78\/revisions"}],"predecessor-version":[{"id":169,"href":"http:\/\/abi.allebrodt.net\/index.php\/wp-json\/wp\/v2\/pages\/78\/revisions\/169"}],"up":[{"embeddable":true,"href":"http:\/\/abi.allebrodt.net\/index.php\/wp-json\/wp\/v2\/pages\/75"}],"wp:attachment":[{"href":"http:\/\/abi.allebrodt.net\/index.php\/wp-json\/wp\/v2\/media?parent=78"}],"curies":[{"name":"wp","href":"https:\/\/api.w.org\/{rel}","templated":true}]}}